{"id":3759,"date":"2024-09-24T10:43:10","date_gmt":"2024-09-24T08:43:10","guid":{"rendered":"https:\/\/www.bachmann.ch\/?page_id=3759"},"modified":"2024-09-25T10:09:13","modified_gmt":"2024-09-25T08:09:13","slug":"protection-des-donnees","status":"publish","type":"page","link":"https:\/\/www.bachmann.ch\/fr\/protection-des-donnees\/","title":{"rendered":"Protection des donn\u00e9es"},"content":{"rendered":"<div id=\"pl-3759\"  class=\"panel-layout\" ><div id=\"pg-3759-0\"  class=\"panel-grid panel-has-style\" ><div data-iw-animation-delay=\"\" data-iw-animation-position=\"\" class=\"panel-row-style panel-row-style-for-3759-0\" ><div id=\"pgc-3759-0-0\"  class=\"panel-grid-cell\" ><div id=\"panel-3759-0-0-0\" class=\"so-panel widget widget_sow-accordion panel-first-child panel-last-child\" data-index=\"0\" ><div data-iw-animation-delay=\"\" data-iw-animation-position=\"\" class=\"panel-widget-style panel-widget-style-for-3759-0-0-0\" ><div\n\t\t\t\n\t\t\tclass=\"so-widget-sow-accordion so-widget-sow-accordion-default-9bfb1974d7a5-3759\"\n\t\t\t\n\t\t><div>\n\t<div class=\"sow-accordion\">\n\t\t\t<div class=\"sow-accordion-panel\n\t\t\t\t\"\n\t\t\tdata-anchor-id=\"ziel\">\n\t\t\t\t<div class=\"sow-accordion-panel-header-container\" role=\"heading\" aria-level=\"2\">\n\t\t\t\t\t<div class=\"sow-accordion-panel-header\" tabindex=\"0\" role=\"button\" id=\"accordion-label-ziel\" aria-controls=\"accordion-content-ziel\" aria-expanded=\"false\">\n\t\t\t\t\t\t<div class=\"sow-accordion-title sow-accordion-title-icon-left\">\n\t\t\t\t\t\t\t\t\t\t\t\t\t\tZIEL\t\t\t\t\t\t\t\t\t\t\t\t\t<\/div>\n\t\t\t\t\t\t<div class=\"sow-accordion-open-close-button\">\n\t\t\t\t\t\t\t<div class=\"sow-accordion-open-button\">\n\t\t\t\t\t\t\t\t<span class=\"sow-icon-ionicons\" data-sow-icon=\"&#xf218;\"\n\t\t \n\t\taria-hidden=\"true\"><\/span>\t\t\t\t\t\t\t<\/div>\n\t\t\t\t\t\t\t<div class=\"sow-accordion-close-button\">\n\t\t\t\t\t\t\t\t<span class=\"sow-icon-ionicons\" data-sow-icon=\"&#xf209;\"\n\t\t \n\t\taria-hidden=\"true\"><\/span>\t\t\t\t\t\t\t<\/div>\n\t\t\t\t\t\t<\/div>\n\t\t\t\t\t<\/div>\n\t\t\t\t<\/div>\n\n\t\t\t<div\n\t\t\t\tclass=\"sow-accordion-panel-content\"\n\t\t\t\trole=\"region\"\n\t\t\t\taria-labelledby=\"accordion-label-ziel\"\n\t\t\t\tid=\"accordion-content-ziel\"\n\t\t\t\tstyle=\"display: none;\"\t\t\t>\n\t\t\t\t<div class=\"sow-accordion-panel-border\">\n\t\t\t\t\t<p>Diese Datenschutzerkl\u00e4rung soll Transparenz schaffen, indem sie allen betroffenen Personen klar und verst\u00e4ndlich erl\u00e4utert, welche personenbezogenen Daten gesammelt werden, wie diese verwendet werden und zu welchem Zweck dies geschieht. Weiter soll sie auch die betroffenen Personen \u00fcber ihre Rechte in Bezug auf ihre gesammelten, personenbezogenen Daten informieren und dadurch das Vertrauen der dieser Betroffenen in die BACHMANN GROUP und ihre Firmen weiter st\u00e4rken.<\/p>\n\t\t\t\t<\/div>\n\t\t\t<\/div>\n\t\t<\/div>\n\t\t\t<div class=\"sow-accordion-panel\n\t\t\t\t\"\n\t\t\tdata-anchor-id=\"geltungsbereich\">\n\t\t\t\t<div class=\"sow-accordion-panel-header-container\" role=\"heading\" aria-level=\"2\">\n\t\t\t\t\t<div class=\"sow-accordion-panel-header\" tabindex=\"0\" role=\"button\" id=\"accordion-label-geltungsbereich\" aria-controls=\"accordion-content-geltungsbereich\" aria-expanded=\"false\">\n\t\t\t\t\t\t<div class=\"sow-accordion-title sow-accordion-title-icon-left\">\n\t\t\t\t\t\t\t\t\t\t\t\t\t\tGELTUNGSBEREICH\t\t\t\t\t\t\t\t\t\t\t\t\t<\/div>\n\t\t\t\t\t\t<div class=\"sow-accordion-open-close-button\">\n\t\t\t\t\t\t\t<div class=\"sow-accordion-open-button\">\n\t\t\t\t\t\t\t\t<span class=\"sow-icon-ionicons\" data-sow-icon=\"&#xf218;\"\n\t\t \n\t\taria-hidden=\"true\"><\/span>\t\t\t\t\t\t\t<\/div>\n\t\t\t\t\t\t\t<div class=\"sow-accordion-close-button\">\n\t\t\t\t\t\t\t\t<span class=\"sow-icon-ionicons\" data-sow-icon=\"&#xf209;\"\n\t\t \n\t\taria-hidden=\"true\"><\/span>\t\t\t\t\t\t\t<\/div>\n\t\t\t\t\t\t<\/div>\n\t\t\t\t\t<\/div>\n\t\t\t\t<\/div>\n\n\t\t\t<div\n\t\t\t\tclass=\"sow-accordion-panel-content\"\n\t\t\t\trole=\"region\"\n\t\t\t\taria-labelledby=\"accordion-label-geltungsbereich\"\n\t\t\t\tid=\"accordion-content-geltungsbereich\"\n\t\t\t\tstyle=\"display: none;\"\t\t\t>\n\t\t\t\t<div class=\"sow-accordion-panel-border\">\n\t\t\t\t\t<p>Diese Datenschutzerkl\u00e4rung ist g\u00fcltig ab dem 1. Juni 2024 bis auf Widerruf und ersetzt alle diesbez\u00fcglichen Regelungen fr\u00fcheren Datums. Sie gilt f\u00fcr alle Firmen der BACHMANN GROUP: BACHMANN FORMING AG, BACHMANN PLANTEC AG, BACHMANN IMPULS AG und FACTORY 77 AG<\/p>\n\t\t\t\t<\/div>\n\t\t\t<\/div>\n\t\t<\/div>\n\t\t\t<div class=\"sow-accordion-panel\n\t\t\t\t\"\n\t\t\tdata-anchor-id=\"datenschutzerklarung\">\n\t\t\t\t<div class=\"sow-accordion-panel-header-container\" role=\"heading\" aria-level=\"2\">\n\t\t\t\t\t<div class=\"sow-accordion-panel-header\" tabindex=\"0\" role=\"button\" id=\"accordion-label-datenschutzerkl%c3%a4rung\" aria-controls=\"accordion-content-datenschutzerkl%c3%a4rung\" aria-expanded=\"false\">\n\t\t\t\t\t\t<div class=\"sow-accordion-title sow-accordion-title-icon-left\">\n\t\t\t\t\t\t\t\t\t\t\t\t\t\tDATENSCHUTZERKL\u00c4RUNG\t\t\t\t\t\t\t\t\t\t\t\t\t<\/div>\n\t\t\t\t\t\t<div class=\"sow-accordion-open-close-button\">\n\t\t\t\t\t\t\t<div class=\"sow-accordion-open-button\">\n\t\t\t\t\t\t\t\t<span class=\"sow-icon-ionicons\" data-sow-icon=\"&#xf218;\"\n\t\t \n\t\taria-hidden=\"true\"><\/span>\t\t\t\t\t\t\t<\/div>\n\t\t\t\t\t\t\t<div class=\"sow-accordion-close-button\">\n\t\t\t\t\t\t\t\t<span class=\"sow-icon-ionicons\" data-sow-icon=\"&#xf209;\"\n\t\t \n\t\taria-hidden=\"true\"><\/span>\t\t\t\t\t\t\t<\/div>\n\t\t\t\t\t\t<\/div>\n\t\t\t\t\t<\/div>\n\t\t\t\t<\/div>\n\n\t\t\t<div\n\t\t\t\tclass=\"sow-accordion-panel-content\"\n\t\t\t\trole=\"region\"\n\t\t\t\taria-labelledby=\"accordion-label-datenschutzerkl%c3%a4rung\"\n\t\t\t\tid=\"accordion-content-datenschutzerkl%c3%a4rung\"\n\t\t\t\tstyle=\"display: none;\"\t\t\t>\n\t\t\t\t<div class=\"sow-accordion-panel-border\">\n\t\t\t\t\t<p>Wir freuen uns sehr \u00fcber Ihr Interesse an unserem Unternehmen. Datenschutz hat f\u00fcr die Firmen der BACHMANN GROUP einen hohen Stellenwert. Die Nutzung der folgenden Webseiten <strong>bachmann-kunststoff-verpackungen.ch<\/strong>, der <strong>bachmann.ch<\/strong>, <strong>bachmann-pflanzentrays.ch<\/strong> und der <strong>bachmann-display.ch<\/strong> (nachfolgend: \u00abBACHMANN GROUP\u00bb) ist grunds\u00e4tzlich ohne jede Angabe von Personendaten m\u00f6glich. Sofern Sie besondere Services unseres Unternehmens \u00fcber unsere Webseite in Anspruch nehmen m\u00f6chten, k\u00f6nnte jedoch eine Bearbeitung von Personendaten erforderlich werden.<\/p>\n<p>Wir verpflichten uns zu einem verantwortungsvollen Umgang mit Ihren Personendaten. Folglich erachten wir es als selbstverst\u00e4ndlich, das schweizerische Bundesgesetz \u00fcber den Datenschutz, die dazugeh\u00f6rige Verordnung und andere gegebenenfalls anwendbare datenschutzrechtliche Bestimmungen einzuhalten.<\/p>\n<p>In dieser Datenschutzerkl\u00e4rung informieren wir Sie \u00fcber die wichtigsten Aspekte der Datenbearbeitung bei der BACHMANN GROUP sowie \u00fcber die Ihnen zustehenden datenschutzrechtlichen Anspr\u00fcche. Diese Datenschutzerkl\u00e4rung deckt sowohl die Erhebung von Personendaten im Online- als auch im Offline-Bereich ab, einschliesslich derer, die wir aus unterschiedlichen Quellen erhalten haben, z.B. von den verschiedenen Gesellschaften der BACHMANN GROUP, Lieferanten, Gesch\u00e4ftspartnern, Webseiten und sozialen Netzwerken von Drittanbietern<\/p>\n<p><a name=\"_Toc112402790\"><\/a>Wir weisen Sie darauf hin, dass diese Datenschutzerkl\u00e4rung keine abschliessende Beschreibung unserer Datenbearbeitungen enth\u00e4lt und einzelne Sachverhalte ganz oder teilweise durch spezifische Datenschutzerkl\u00e4rungen oder Allgemeine Gesch\u00e4ftsbedingungen geregelt sein k\u00f6nnen.<\/p>\n\t\t\t\t<\/div>\n\t\t\t<\/div>\n\t\t<\/div>\n\t\t\t<div class=\"sow-accordion-panel\n\t\t\t\t\"\n\t\t\tdata-anchor-id=\"verantwortlicher\">\n\t\t\t\t<div class=\"sow-accordion-panel-header-container\" role=\"heading\" aria-level=\"2\">\n\t\t\t\t\t<div class=\"sow-accordion-panel-header\" tabindex=\"0\" role=\"button\" id=\"accordion-label-verantwortlicher\" aria-controls=\"accordion-content-verantwortlicher\" aria-expanded=\"false\">\n\t\t\t\t\t\t<div class=\"sow-accordion-title sow-accordion-title-icon-left\">\n\t\t\t\t\t\t\t\t\t\t\t\t\t\tVERANTWORTLICHER\t\t\t\t\t\t\t\t\t\t\t\t\t<\/div>\n\t\t\t\t\t\t<div class=\"sow-accordion-open-close-button\">\n\t\t\t\t\t\t\t<div class=\"sow-accordion-open-button\">\n\t\t\t\t\t\t\t\t<span class=\"sow-icon-ionicons\" data-sow-icon=\"&#xf218;\"\n\t\t \n\t\taria-hidden=\"true\"><\/span>\t\t\t\t\t\t\t<\/div>\n\t\t\t\t\t\t\t<div class=\"sow-accordion-close-button\">\n\t\t\t\t\t\t\t\t<span class=\"sow-icon-ionicons\" data-sow-icon=\"&#xf209;\"\n\t\t \n\t\taria-hidden=\"true\"><\/span>\t\t\t\t\t\t\t<\/div>\n\t\t\t\t\t\t<\/div>\n\t\t\t\t\t<\/div>\n\t\t\t\t<\/div>\n\n\t\t\t<div\n\t\t\t\tclass=\"sow-accordion-panel-content\"\n\t\t\t\trole=\"region\"\n\t\t\t\taria-labelledby=\"accordion-label-verantwortlicher\"\n\t\t\t\tid=\"accordion-content-verantwortlicher\"\n\t\t\t\tstyle=\"display: none;\"\t\t\t>\n\t\t\t\t<div class=\"sow-accordion-panel-border\">\n\t\t\t\t\t<p>Verantwortlicher im Sinne des Datenschutzrechts ist die:<\/p>\n<p>BACHMANN FORMING AG<br \/>\nAn der Ron 4<br \/>\nCH-6280 Hochdorf<\/p>\n<p>Tel +41 41 914 72 00<br \/>\n<a href=\"&#x6d;&#97;i&#x6c;&#116;o&#x3a;&#100;a&#x74;&#101;n&#x73;&#99;h&#x75;&#x74;z&#x40;&#x62;&#97;&#x63;&#x68;&#109;&#x61;&#x6e;&#110;&#46;&#x63;&#104;\">&#100;&#97;&#x74;&#x65;&#110;&#115;&#x63;&#x68;&#117;&#116;&#x7a;&#x40;&#98;&#97;&#x63;&#x68;&#109;&#97;&#x6e;&#x6e;&#46;&#99;&#x68;<\/a><\/p>\n\t\t\t\t<\/div>\n\t\t\t<\/div>\n\t\t<\/div>\n\t\t\t<div class=\"sow-accordion-panel\n\t\t\t\t\"\n\t\t\tdata-anchor-id=\"durch-uns-bearbeitete-personendaten\">\n\t\t\t\t<div class=\"sow-accordion-panel-header-container\" role=\"heading\" aria-level=\"2\">\n\t\t\t\t\t<div class=\"sow-accordion-panel-header\" tabindex=\"0\" role=\"button\" id=\"accordion-label-durch-uns-bearbeitete-personendaten\" aria-controls=\"accordion-content-durch-uns-bearbeitete-personendaten\" aria-expanded=\"false\">\n\t\t\t\t\t\t<div class=\"sow-accordion-title sow-accordion-title-icon-left\">\n\t\t\t\t\t\t\t\t\t\t\t\t\t\tDURCH UNS BEARBEITETE PERSONENDATEN\t\t\t\t\t\t\t\t\t\t\t\t\t<\/div>\n\t\t\t\t\t\t<div class=\"sow-accordion-open-close-button\">\n\t\t\t\t\t\t\t<div class=\"sow-accordion-open-button\">\n\t\t\t\t\t\t\t\t<span class=\"sow-icon-ionicons\" data-sow-icon=\"&#xf218;\"\n\t\t \n\t\taria-hidden=\"true\"><\/span>\t\t\t\t\t\t\t<\/div>\n\t\t\t\t\t\t\t<div class=\"sow-accordion-close-button\">\n\t\t\t\t\t\t\t\t<span class=\"sow-icon-ionicons\" data-sow-icon=\"&#xf209;\"\n\t\t \n\t\taria-hidden=\"true\"><\/span>\t\t\t\t\t\t\t<\/div>\n\t\t\t\t\t\t<\/div>\n\t\t\t\t\t<\/div>\n\t\t\t\t<\/div>\n\n\t\t\t<div\n\t\t\t\tclass=\"sow-accordion-panel-content\"\n\t\t\t\trole=\"region\"\n\t\t\t\taria-labelledby=\"accordion-label-durch-uns-bearbeitete-personendaten\"\n\t\t\t\tid=\"accordion-content-durch-uns-bearbeitete-personendaten\"\n\t\t\t\tstyle=\"display: none;\"\t\t\t>\n\t\t\t\t<div class=\"sow-accordion-panel-border\">\n\t\t\t\t\t<p>Die BACHMANN GROUP bearbeitet verschiedene Personendaten. Dabei handelt es sich insbesondere um Personendaten:<\/p>\n<ul>\n<li>die wir im Rahmen unserer Gesch\u00e4ftsbeziehungen von Kunden, zuk\u00fcnftigen Kunden, Interessenten, Dienstleistern, Lieferanten, Gesch\u00e4ftspartnern oder weiteren an den Gesch\u00e4ftsbeziehungen beteiligten Personen erhalten;<\/li>\n<li>zu deren Erhebung wir gesetzlich oder vertraglich verpflichtet sind;<\/li>\n<li>die wir bei der Nutzung unserer Webseite erheben;<\/li>\n<li>die wir von Beh\u00f6rden und sonstigen Dritten (Adressh\u00e4ndlern, Kreditauskunfteien) erhalten.<\/li>\n<\/ul>\n<p>&nbsp;<\/p>\n<p>Je nach Art der Beziehung bearbeiten wir Personendaten von Ihnen wie:<\/p>\n<ul>\n<li><strong>Kontakt und Identifikationsdaten<\/strong> wie Name, Vorname, Adresse, E-Mail-Adresse, Telefonnummer;<\/li>\n<li><strong>Vertragsdaten<\/strong> wie Vertragsart, Vertragsinhalt, Art der Produkte und Dienstleistungen, Verbrauchsgruppen, Verbrauchstypen, anwendbare Gesch\u00e4ftsbedingungen, Vertragsbeginn, Vertragslaufzeit, Rechnungsdaten;<\/li>\n<li><strong>Finanzdaten<\/strong> wie Kontoinformationen, Zahlungsinformationen, Zahlungsverlauf;<\/li>\n<li><strong>Randdaten<\/strong> aus dem Fernmeldeverkehr wie Telefonnummer, Mehrwertdienstnummern, Datum, Zeitpunkt und Dauer der Verbindung, Verbindungsart,\u00a0IP-Adresse, Ger\u00e4teidenti\u00adfikationsnummern wie MAC-Adresse;<\/li>\n<li><strong>Interaktions- und Nutzungsdaten<\/strong>: Korrespondenz, Pr\u00e4ferenzen und Zielgruppeninformationen, Endger\u00e4tetyp, Ger\u00e4teeinstellungen, Betriebssystem, Software, Angaben aus Geltendmachung von Rechten;<\/li>\n<li><strong>Webseiteninformationen<\/strong>: IP-Adresse, Cookie-Informationen, Browser-Einstellungen, H\u00e4ufigkeit der Besuche der Webseite, Dauer der Besuche der Webseite, Suchbegriffe, Klicks auf Inhalte, Herkunfts-Internetseite.<\/li>\n<\/ul>\n\t\t\t\t<\/div>\n\t\t\t<\/div>\n\t\t<\/div>\n\t\t\t<div class=\"sow-accordion-panel\n\t\t\t\t\"\n\t\t\tdata-anchor-id=\"zwecke-zu-denen-wir-personendaten-bearbeiten-und-rechtsgrundlage-der-bearbeitung\">\n\t\t\t\t<div class=\"sow-accordion-panel-header-container\" role=\"heading\" aria-level=\"2\">\n\t\t\t\t\t<div class=\"sow-accordion-panel-header\" tabindex=\"0\" role=\"button\" id=\"accordion-label-zwecke-zu-denen-wir-personendaten-bearbeiten-und-rechtsgrundlage-der-bearbeitung\" aria-controls=\"accordion-content-zwecke-zu-denen-wir-personendaten-bearbeiten-und-rechtsgrundlage-der-bearbeitung\" aria-expanded=\"false\">\n\t\t\t\t\t\t<div class=\"sow-accordion-title sow-accordion-title-icon-left\">\n\t\t\t\t\t\t\t\t\t\t\t\t\t\tZWECKE ZU DENEN WIR PERSONENDATEN BEARBEITEN UND RECHTSGRUNDLAGE DER BEARBEITUNG\t\t\t\t\t\t\t\t\t\t\t\t\t<\/div>\n\t\t\t\t\t\t<div class=\"sow-accordion-open-close-button\">\n\t\t\t\t\t\t\t<div class=\"sow-accordion-open-button\">\n\t\t\t\t\t\t\t\t<span class=\"sow-icon-ionicons\" data-sow-icon=\"&#xf218;\"\n\t\t \n\t\taria-hidden=\"true\"><\/span>\t\t\t\t\t\t\t<\/div>\n\t\t\t\t\t\t\t<div class=\"sow-accordion-close-button\">\n\t\t\t\t\t\t\t\t<span class=\"sow-icon-ionicons\" data-sow-icon=\"&#xf209;\"\n\t\t \n\t\taria-hidden=\"true\"><\/span>\t\t\t\t\t\t\t<\/div>\n\t\t\t\t\t\t<\/div>\n\t\t\t\t\t<\/div>\n\t\t\t\t<\/div>\n\n\t\t\t<div\n\t\t\t\tclass=\"sow-accordion-panel-content\"\n\t\t\t\trole=\"region\"\n\t\t\t\taria-labelledby=\"accordion-label-zwecke-zu-denen-wir-personendaten-bearbeiten-und-rechtsgrundlage-der-bearbeitung\"\n\t\t\t\tid=\"accordion-content-zwecke-zu-denen-wir-personendaten-bearbeiten-und-rechtsgrundlage-der-bearbeitung\"\n\t\t\t\tstyle=\"display: none;\"\t\t\t>\n\t\t\t\t<div class=\"sow-accordion-panel-border\">\n\t\t\t\t\t<p>Wir verwenden die von uns erhobenen Personendaten in erster Linie, um Vertr\u00e4ge mit unseren Kunden und Gesch\u00e4ftspartnern abzuschliessen und abzuwickeln.<\/p>\n<p>Auf die Bearbeitung von Personendaten sind wir auch f\u00fcr den Einkauf von Produkten und Dienstleistungen von unseren Lieferanten und Subunternehmern angewiesen. Wenn Sie f\u00fcr einen Kunden oder Gesch\u00e4ftspartner t\u00e4tig sind, k\u00f6nnen Sie in dieser Funktion mit Ihren Personendaten nat\u00fcrlich ebenfalls betroffen sein.<\/p>\n<p>Dar\u00fcber hinaus bearbeiten wir Personendaten von Ihnen und weiteren Personen, soweit erlaubt und es uns als angezeigt erscheint, auch f\u00fcr folgende Zwecke, an denen wir (und zuweilen auch Dritte) ein dem Zweck entsprechendes berechtigtes Interesse haben:<\/p>\n<ul>\n<li>Angebot und Weiterentwicklung unserer Produkte, Dienstleistungen und Webseite und weiteren Plattformen, auf welchen wir pr\u00e4sent sind;<\/li>\n<li>Kommunikation und Bearbeitung von Anfragen (z.B. \u00fcber Kontaktformulare, E-Mail, Telefon, Medienanfragen);<\/li>\n<li>Werbung und Marketing soweit Sie zur Nutzung Ihrer Daten eingewilligt\/nicht widersprochen haben (wenn wir Ihnen als bestehender Kunde von uns Werbung zukommen lassen, k\u00f6nnen Sie dem jederzeit widersprechen, wir setzen Sie dann auf eine Sperrliste gegen weitere Werbesendungen);<\/li>\n<li>Marktforschung, Medienbeobachtung;<\/li>\n<li>Geltendmachung rechtlicher Anspr\u00fcche und Verteidigung in Zusammenhang mit rechtlichen Streitigkeiten und beh\u00f6rdlichen Verfahren;<\/li>\n<li>Verhinderung und Aufkl\u00e4rung von Straftaten und sonstigem Fehlverhalten (z.B. Durchf\u00fchrung interner Untersuchungen, Datenanalysen zur Betrugsbek\u00e4mpfung);<\/li>\n<li>Gew\u00e4hrleistungen unseres Betriebs, insbesondere der IT, unserer Webseite und weiteren Plattformen.<\/li>\n<\/ul>\n<p>&nbsp;<\/p>\n<p>Soweit Sie uns eine Einwilligung zur Bearbeitung Ihrer Personendaten f\u00fcr bestimmte Zwecke erteilt haben, bearbeiten wir Ihre Personendaten im Rahmen und gest\u00fctzt auf diese Einwilligung, soweit wir keine andere Rechtsgrundlage haben und wir eine solche ben\u00f6tigen. Eine erteilte Einwilligung kann jederzeit widerrufen werden, was jedoch keine Auswirkung auf bereits erfolgte Datenbearbeitungen hat. Einen Widerruf k\u00f6nnen Sie uns per E-Mail oder per Post an die unter Ziffer 1 genannte (E-Mail-)Adresse zustellen.<\/p>\n\t\t\t\t<\/div>\n\t\t\t<\/div>\n\t\t<\/div>\n\t\t\t<div class=\"sow-accordion-panel\n\t\t\t\t\"\n\t\t\tdata-anchor-id=\"dritte-denen-wir-personendaten-bekanntgeben\">\n\t\t\t\t<div class=\"sow-accordion-panel-header-container\" role=\"heading\" aria-level=\"2\">\n\t\t\t\t\t<div class=\"sow-accordion-panel-header\" tabindex=\"0\" role=\"button\" id=\"accordion-label-dritte-denen-wir-personendaten-bekanntgeben\" aria-controls=\"accordion-content-dritte-denen-wir-personendaten-bekanntgeben\" aria-expanded=\"false\">\n\t\t\t\t\t\t<div class=\"sow-accordion-title sow-accordion-title-icon-left\">\n\t\t\t\t\t\t\t\t\t\t\t\t\t\tDRITTE DENEN WIR PERSONENDATEN BEKANNTGEBEN\t\t\t\t\t\t\t\t\t\t\t\t\t<\/div>\n\t\t\t\t\t\t<div class=\"sow-accordion-open-close-button\">\n\t\t\t\t\t\t\t<div class=\"sow-accordion-open-button\">\n\t\t\t\t\t\t\t\t<span class=\"sow-icon-ionicons\" data-sow-icon=\"&#xf218;\"\n\t\t \n\t\taria-hidden=\"true\"><\/span>\t\t\t\t\t\t\t<\/div>\n\t\t\t\t\t\t\t<div class=\"sow-accordion-close-button\">\n\t\t\t\t\t\t\t\t<span class=\"sow-icon-ionicons\" data-sow-icon=\"&#xf209;\"\n\t\t \n\t\taria-hidden=\"true\"><\/span>\t\t\t\t\t\t\t<\/div>\n\t\t\t\t\t\t<\/div>\n\t\t\t\t\t<\/div>\n\t\t\t\t<\/div>\n\n\t\t\t<div\n\t\t\t\tclass=\"sow-accordion-panel-content\"\n\t\t\t\trole=\"region\"\n\t\t\t\taria-labelledby=\"accordion-label-dritte-denen-wir-personendaten-bekanntgeben\"\n\t\t\t\tid=\"accordion-content-dritte-denen-wir-personendaten-bekanntgeben\"\n\t\t\t\tstyle=\"display: none;\"\t\t\t>\n\t\t\t\t<div class=\"sow-accordion-panel-border\">\n\t\t\t\t\t<p>Wir geben Personendaten im Rahmen unserer gesch\u00e4ftlichen Aktivit\u00e4ten und zu den oben genannten Zwecken, soweit dies erlaubt und angezeigt ist, auch Dritten bekannt, sei es, weil sie diese f\u00fcr uns bearbeiten (Auftragsdatenbearbeitung), sei es, weil sie diese f\u00fcr ihre eigenen Zwecke verwenden wollen (Datenbekanntgabe). Dabei geht es insbesondere um:<\/p>\n<ul>\n<li>Dienstleister, einschliesslich Auftragsbearbeiter;<\/li>\n<li>IT-Servicebetreiber (z.B. Webhosting-Provider, E-Mail-Versanddienstleister, Online-Tools);<\/li>\n<li>Lieferanten;<\/li>\n<li>Gesellschaften der BACHMANN GROUP;<\/li>\n<li>Beh\u00f6rden;<\/li>\n<li>Versicherungen;<\/li>\n<li>Bankinstitute und Zahlungsdienstleister;<\/li>\n<li>Amtsstellen und Gerichte.<\/li>\n<\/ul>\n<p>&nbsp;<\/p>\n<p>Die Empf\u00e4nger sind teilweise im Inland, teilweise aber auch im Ausland. Sie m\u00fcssen insbesondere mit der \u00dcbermittlung Ihrer Daten in andere L\u00e4nder Europas und den USA rechnen, wo sich einige der von uns in Anspruch genommenen IT-Dienstleister befinden. Wenn wir Daten in ein Land \u00fcbermitteln, in dem kein angemessenes gesetzliches Datenschutzniveau besteht (wie die USA), verlangen wir, dass der Empf\u00e4nger angemessene Massnahmen zum Schutz von Personendaten trifft (z.B. mittels der Vereinbarung von sog. EU-Standardklauseln, aktuelle Version <a href=\"https:\/\/eur-lex.europa.eu\/eli\/dec_impl\/2021\/914\/oj?uri=CELEX%3A32021D0914&amp;locale=de\">hier<\/a> abrufbar, anderer Vorkehrungen oder gest\u00fctzt auf Rechtfertigungsgr\u00fcnde).<\/p>\n\t\t\t\t<\/div>\n\t\t\t<\/div>\n\t\t<\/div>\n\t\t\t<div class=\"sow-accordion-panel\n\t\t\t\t\"\n\t\t\tdata-anchor-id=\"dauer-der-datenbearbeitung\">\n\t\t\t\t<div class=\"sow-accordion-panel-header-container\" role=\"heading\" aria-level=\"2\">\n\t\t\t\t\t<div class=\"sow-accordion-panel-header\" tabindex=\"0\" role=\"button\" id=\"accordion-label-dauer-der-datenbearbeitung\" aria-controls=\"accordion-content-dauer-der-datenbearbeitung\" aria-expanded=\"false\">\n\t\t\t\t\t\t<div class=\"sow-accordion-title sow-accordion-title-icon-left\">\n\t\t\t\t\t\t\t\t\t\t\t\t\t\tDAUER DER DATENBEARBEITUNG\t\t\t\t\t\t\t\t\t\t\t\t\t<\/div>\n\t\t\t\t\t\t<div class=\"sow-accordion-open-close-button\">\n\t\t\t\t\t\t\t<div class=\"sow-accordion-open-button\">\n\t\t\t\t\t\t\t\t<span class=\"sow-icon-ionicons\" data-sow-icon=\"&#xf218;\"\n\t\t \n\t\taria-hidden=\"true\"><\/span>\t\t\t\t\t\t\t<\/div>\n\t\t\t\t\t\t\t<div class=\"sow-accordion-close-button\">\n\t\t\t\t\t\t\t\t<span class=\"sow-icon-ionicons\" data-sow-icon=\"&#xf209;\"\n\t\t \n\t\taria-hidden=\"true\"><\/span>\t\t\t\t\t\t\t<\/div>\n\t\t\t\t\t\t<\/div>\n\t\t\t\t\t<\/div>\n\t\t\t\t<\/div>\n\n\t\t\t<div\n\t\t\t\tclass=\"sow-accordion-panel-content\"\n\t\t\t\trole=\"region\"\n\t\t\t\taria-labelledby=\"accordion-label-dauer-der-datenbearbeitung\"\n\t\t\t\tid=\"accordion-content-dauer-der-datenbearbeitung\"\n\t\t\t\tstyle=\"display: none;\"\t\t\t>\n\t\t\t\t<div class=\"sow-accordion-panel-border\">\n\t\t\t\t\t<p>Wir bearbeiten Personendaten, solange es f\u00fcr die Erf\u00fcllung unserer vertraglichen Pflichten oder sonst f\u00fcr die mit der Bearbeitung verfolgten Zwecke erforderlich ist, zum Beispiel f\u00fcr die Dauer der gesamten Gesch\u00e4ftsbeziehung (von der Anbahnung, Abwicklung bis zur Beendigung eines Vertrags) sowie dar\u00fcber hinaus gem\u00e4ss den gesetzlichen Aufbewahrungs- und Dokumentationspflichten. Dabei ist es m\u00f6glich, dass Personendaten f\u00fcr die Zeit aufbewahrt werden, in der Anspr\u00fcche gegen uns geltend gemacht werden k\u00f6nnen und soweit wir anderweitig gesetzlich dazu verpflichtet sind oder berechtigte Interessen dies erfordern (z.B. f\u00fcr Beweis- und Dokumentationszwecke). Sobald Ihre Personendaten f\u00fcr die oben genannten Zwecke nicht mehr erforderlich sind, werden sie grunds\u00e4tzlich gel\u00f6scht oder anonymisiert.<\/p>\n\t\t\t\t<\/div>\n\t\t\t<\/div>\n\t\t<\/div>\n\t\t\t<div class=\"sow-accordion-panel\n\t\t\t\t\"\n\t\t\tdata-anchor-id=\"ort-der-bearbeitung\">\n\t\t\t\t<div class=\"sow-accordion-panel-header-container\" role=\"heading\" aria-level=\"2\">\n\t\t\t\t\t<div class=\"sow-accordion-panel-header\" tabindex=\"0\" role=\"button\" id=\"accordion-label-ort-der-bearbeitung\" aria-controls=\"accordion-content-ort-der-bearbeitung\" aria-expanded=\"false\">\n\t\t\t\t\t\t<div class=\"sow-accordion-title sow-accordion-title-icon-left\">\n\t\t\t\t\t\t\t\t\t\t\t\t\t\tORT DER BEARBEITUNG\t\t\t\t\t\t\t\t\t\t\t\t\t<\/div>\n\t\t\t\t\t\t<div class=\"sow-accordion-open-close-button\">\n\t\t\t\t\t\t\t<div class=\"sow-accordion-open-button\">\n\t\t\t\t\t\t\t\t<span class=\"sow-icon-ionicons\" data-sow-icon=\"&#xf218;\"\n\t\t \n\t\taria-hidden=\"true\"><\/span>\t\t\t\t\t\t\t<\/div>\n\t\t\t\t\t\t\t<div class=\"sow-accordion-close-button\">\n\t\t\t\t\t\t\t\t<span class=\"sow-icon-ionicons\" data-sow-icon=\"&#xf209;\"\n\t\t \n\t\taria-hidden=\"true\"><\/span>\t\t\t\t\t\t\t<\/div>\n\t\t\t\t\t\t<\/div>\n\t\t\t\t\t<\/div>\n\t\t\t\t<\/div>\n\n\t\t\t<div\n\t\t\t\tclass=\"sow-accordion-panel-content\"\n\t\t\t\trole=\"region\"\n\t\t\t\taria-labelledby=\"accordion-label-ort-der-bearbeitung\"\n\t\t\t\tid=\"accordion-content-ort-der-bearbeitung\"\n\t\t\t\tstyle=\"display: none;\"\t\t\t>\n\t\t\t\t<div class=\"sow-accordion-panel-border\">\n\t\t\t\t\t<p>Wir bearbeiten Personendaten grunds\u00e4tzlich in der Schweiz oder in einem EU\/EWR-Land oder in einem anderen Land, dass \u00fcber einen angemessenen Datenschutz verf\u00fcgt.<\/p>\n\t\t\t\t<\/div>\n\t\t\t<\/div>\n\t\t<\/div>\n\t\t\t<div class=\"sow-accordion-panel\n\t\t\t\t\"\n\t\t\tdata-anchor-id=\"besuch-unserer-webseite\">\n\t\t\t\t<div class=\"sow-accordion-panel-header-container\" role=\"heading\" aria-level=\"2\">\n\t\t\t\t\t<div class=\"sow-accordion-panel-header\" tabindex=\"0\" role=\"button\" id=\"accordion-label-besuch-unserer-webseite\" aria-controls=\"accordion-content-besuch-unserer-webseite\" aria-expanded=\"false\">\n\t\t\t\t\t\t<div class=\"sow-accordion-title sow-accordion-title-icon-left\">\n\t\t\t\t\t\t\t\t\t\t\t\t\t\tBESUCH UNSERER WEBSEITE\t\t\t\t\t\t\t\t\t\t\t\t\t<\/div>\n\t\t\t\t\t\t<div class=\"sow-accordion-open-close-button\">\n\t\t\t\t\t\t\t<div class=\"sow-accordion-open-button\">\n\t\t\t\t\t\t\t\t<span class=\"sow-icon-ionicons\" data-sow-icon=\"&#xf218;\"\n\t\t \n\t\taria-hidden=\"true\"><\/span>\t\t\t\t\t\t\t<\/div>\n\t\t\t\t\t\t\t<div class=\"sow-accordion-close-button\">\n\t\t\t\t\t\t\t\t<span class=\"sow-icon-ionicons\" data-sow-icon=\"&#xf209;\"\n\t\t \n\t\taria-hidden=\"true\"><\/span>\t\t\t\t\t\t\t<\/div>\n\t\t\t\t\t\t<\/div>\n\t\t\t\t\t<\/div>\n\t\t\t\t<\/div>\n\n\t\t\t<div\n\t\t\t\tclass=\"sow-accordion-panel-content\"\n\t\t\t\trole=\"region\"\n\t\t\t\taria-labelledby=\"accordion-label-besuch-unserer-webseite\"\n\t\t\t\tid=\"accordion-content-besuch-unserer-webseite\"\n\t\t\t\tstyle=\"display: none;\"\t\t\t>\n\t\t\t\t<div class=\"sow-accordion-panel-border\">\n\t\t\t\t\t<p>Sie k\u00f6nnen unsere Webseite im Regelfall nutzen, ohne dass Angaben \u00fcber Ihre Person erforderlich sind. Davon ausgenommen sind Bereiche und Dienste, die Ihren Namen, Ihre Anschrift oder sonstige pers\u00f6nliche Daten naturgem\u00e4ss ben\u00f6tigen, z.B. im Falle eines Neukundenantrags oder bei der Nutzung unserer Online-Formulare.<\/p>\n\t\t\t\t<\/div>\n\t\t\t<\/div>\n\t\t<\/div>\n\t\t\t<div class=\"sow-accordion-panel\n\t\t\t\t\"\n\t\t\tdata-anchor-id=\"server-logfiles\">\n\t\t\t\t<div class=\"sow-accordion-panel-header-container\" role=\"heading\" aria-level=\"2\">\n\t\t\t\t\t<div class=\"sow-accordion-panel-header\" tabindex=\"0\" role=\"button\" id=\"accordion-label-server-logfiles\" aria-controls=\"accordion-content-server-logfiles\" aria-expanded=\"false\">\n\t\t\t\t\t\t<div class=\"sow-accordion-title sow-accordion-title-icon-left\">\n\t\t\t\t\t\t\t\t\t\t\t\t\t\tSERVER LOGFILES\t\t\t\t\t\t\t\t\t\t\t\t\t<\/div>\n\t\t\t\t\t\t<div class=\"sow-accordion-open-close-button\">\n\t\t\t\t\t\t\t<div class=\"sow-accordion-open-button\">\n\t\t\t\t\t\t\t\t<span class=\"sow-icon-ionicons\" data-sow-icon=\"&#xf218;\"\n\t\t \n\t\taria-hidden=\"true\"><\/span>\t\t\t\t\t\t\t<\/div>\n\t\t\t\t\t\t\t<div class=\"sow-accordion-close-button\">\n\t\t\t\t\t\t\t\t<span class=\"sow-icon-ionicons\" data-sow-icon=\"&#xf209;\"\n\t\t \n\t\taria-hidden=\"true\"><\/span>\t\t\t\t\t\t\t<\/div>\n\t\t\t\t\t\t<\/div>\n\t\t\t\t\t<\/div>\n\t\t\t\t<\/div>\n\n\t\t\t<div\n\t\t\t\tclass=\"sow-accordion-panel-content\"\n\t\t\t\trole=\"region\"\n\t\t\t\taria-labelledby=\"accordion-label-server-logfiles\"\n\t\t\t\tid=\"accordion-content-server-logfiles\"\n\t\t\t\tstyle=\"display: none;\"\t\t\t>\n\t\t\t\t<div class=\"sow-accordion-panel-border\">\n\t\t\t\t\t<p>Wenn Sie unsere Webseite besuchen, speichern unsere Server vor\u00fcbergehend jeden Zugriff in einer Protokolldatei, den sogenannten Server-Logfiles.<\/p>\n<p>Erfasst werden dabei beispielsweise Ihre IP-Adresse, das Datum und die Uhrzeit Ihres Besuchs, Adresse der aufgerufenen Seite, Zugriffsstatus (erfolgt, teilweise erfolgt, nicht erfolgt usw.), verwendeter Webbrowser, Betriebssystem und Name des zugreifenden Rechners.<\/p>\n<p>Bevor wir Ihre IP-Adresse speichern, wird diese pseudonymisiert und sie wird nicht mit anderen Daten zusammengef\u00fchrt. Eine personenbezogene Auswertung findet nicht statt und eine Verkn\u00fcpfung Ihrer Personendaten in den Server-Logfiles mit anderen allf\u00e4llig vorhandenen Personendaten von Ihnen findet nicht statt.<\/p>\n<p>Die Bearbeitung dieser Informationen hat den Zweck, Ihnen unsere Webseite sowie deren Inhalte und Angebote korrekt anzuzeigen und den Datenverkehr sicherzustellen, unsere Webseite, Inhalte und Angebote zu optimieren, die Stabilit\u00e4t und Sicherheit unserer Webseite und Systeme dauerhaft zu gew\u00e4hrleisten sowie die Aufkl\u00e4rung, Abwehr und Verfolgung von Cyberangriffen, Spam und anderen widerrechtlichen Handlungen in Bezug auf unsere Webseite und Systeme zu erm\u00f6glichen und diesbez\u00fcgliche Anspr\u00fcche durchzusetzen.<\/p>\n<p>Wir l\u00f6schen Ihre Personendaten, sobald sie f\u00fcr die Erreichung des Zwecks ihrer Erhebung nicht mehr erforderlich sind. Im Falle der Erfassung der Daten zur Bereitstellung unserer Webseite erfolgt die L\u00f6schung, wenn die jeweilige Sitzung beendet ist.<\/p>\n<p>F\u00fcr das Hosting der Webseite k\u00f6nnen wir Dienstleistungen Dritter im In- und Ausland in Anspruch nehmen, welche die oben genannte Bearbeitung in unserem Auftrag durchf\u00fchren. Derzeit wird unsere Webseite ausschliesslich bei europ\u00e4ischen Hosting-Providern und auf Servern innerhalb des EWR (namentlich Deutschland) gehostet.<\/p>\n\t\t\t\t<\/div>\n\t\t\t<\/div>\n\t\t<\/div>\n\t\t\t<div class=\"sow-accordion-panel\n\t\t\t\t\"\n\t\t\tdata-anchor-id=\"kontaktaufnahme\">\n\t\t\t\t<div class=\"sow-accordion-panel-header-container\" role=\"heading\" aria-level=\"2\">\n\t\t\t\t\t<div class=\"sow-accordion-panel-header\" tabindex=\"0\" role=\"button\" id=\"accordion-label-kontaktaufnahme\" aria-controls=\"accordion-content-kontaktaufnahme\" aria-expanded=\"false\">\n\t\t\t\t\t\t<div class=\"sow-accordion-title sow-accordion-title-icon-left\">\n\t\t\t\t\t\t\t\t\t\t\t\t\t\tKONTAKTAUFNAHME\t\t\t\t\t\t\t\t\t\t\t\t\t<\/div>\n\t\t\t\t\t\t<div class=\"sow-accordion-open-close-button\">\n\t\t\t\t\t\t\t<div class=\"sow-accordion-open-button\">\n\t\t\t\t\t\t\t\t<span class=\"sow-icon-ionicons\" data-sow-icon=\"&#xf218;\"\n\t\t \n\t\taria-hidden=\"true\"><\/span>\t\t\t\t\t\t\t<\/div>\n\t\t\t\t\t\t\t<div class=\"sow-accordion-close-button\">\n\t\t\t\t\t\t\t\t<span class=\"sow-icon-ionicons\" data-sow-icon=\"&#xf209;\"\n\t\t \n\t\taria-hidden=\"true\"><\/span>\t\t\t\t\t\t\t<\/div>\n\t\t\t\t\t\t<\/div>\n\t\t\t\t\t<\/div>\n\t\t\t\t<\/div>\n\n\t\t\t<div\n\t\t\t\tclass=\"sow-accordion-panel-content\"\n\t\t\t\trole=\"region\"\n\t\t\t\taria-labelledby=\"accordion-label-kontaktaufnahme\"\n\t\t\t\tid=\"accordion-content-kontaktaufnahme\"\n\t\t\t\tstyle=\"display: none;\"\t\t\t>\n\t\t\t\t<div class=\"sow-accordion-panel-border\">\n\t\t\t\t\t<p>Sie haben auf unserer Webseite die M\u00f6glichkeit, per E-Mail, Online-Formular und\/oder telefonisch, mit uns in Kontakt zu treten. Wenn Sie mit uns per Online-Formular in Kontakt treten, werden Ihre Angaben aus dem Formular inklusive der von Ihnen dort angegebenen Kontaktdaten (Name, E-Mail-Adresse und Telefonnummer) zwecks Bearbeitung Ihres Anliegens und f\u00fcr den Fall von Anschlussfragen bei uns gespeichert und werden ohne Ihre Einwilligung nicht an unberechtigte Dritte weitergegeben.<\/p>\n<p>Sie k\u00f6nnen dieser Datenbearbeitung jederzeit widersprechen. Senden Sie Ihren Widerspruch bitte an die unter Ziffer 1 genannte E-Mail-Adresse und wir werden Ihr Anliegen pr\u00fcfen. In einem solchen Fall wird Ihre Kontaktaufnahme nicht weiterbearbeitet.<\/p>\n<p>Ihre Personendaten werden gel\u00f6scht, sobald das von Ihnen gestellte Anliegen erledigt ist. Dies ist dann der Fall, wenn sich aus den Umst\u00e4nden entnehmen l\u00e4sst, dass der betroffene Sachverhalt abschliessend gekl\u00e4rt ist und der L\u00f6schung keine gesetzlichen Aufbewahrungspflichten entgegenstehen.<\/p>\n\t\t\t\t<\/div>\n\t\t\t<\/div>\n\t\t<\/div>\n\t\t\t<div class=\"sow-accordion-panel\n\t\t\t\t\"\n\t\t\tdata-anchor-id=\"online-bewerbungen\">\n\t\t\t\t<div class=\"sow-accordion-panel-header-container\" role=\"heading\" aria-level=\"2\">\n\t\t\t\t\t<div class=\"sow-accordion-panel-header\" tabindex=\"0\" role=\"button\" id=\"accordion-label-online-bewerbungen\" aria-controls=\"accordion-content-online-bewerbungen\" aria-expanded=\"false\">\n\t\t\t\t\t\t<div class=\"sow-accordion-title sow-accordion-title-icon-left\">\n\t\t\t\t\t\t\t\t\t\t\t\t\t\tONLINE-BEWERBUNGEN\t\t\t\t\t\t\t\t\t\t\t\t\t<\/div>\n\t\t\t\t\t\t<div class=\"sow-accordion-open-close-button\">\n\t\t\t\t\t\t\t<div class=\"sow-accordion-open-button\">\n\t\t\t\t\t\t\t\t<span class=\"sow-icon-ionicons\" data-sow-icon=\"&#xf218;\"\n\t\t \n\t\taria-hidden=\"true\"><\/span>\t\t\t\t\t\t\t<\/div>\n\t\t\t\t\t\t\t<div class=\"sow-accordion-close-button\">\n\t\t\t\t\t\t\t\t<span class=\"sow-icon-ionicons\" data-sow-icon=\"&#xf209;\"\n\t\t \n\t\taria-hidden=\"true\"><\/span>\t\t\t\t\t\t\t<\/div>\n\t\t\t\t\t\t<\/div>\n\t\t\t\t\t<\/div>\n\t\t\t\t<\/div>\n\n\t\t\t<div\n\t\t\t\tclass=\"sow-accordion-panel-content\"\n\t\t\t\trole=\"region\"\n\t\t\t\taria-labelledby=\"accordion-label-online-bewerbungen\"\n\t\t\t\tid=\"accordion-content-online-bewerbungen\"\n\t\t\t\tstyle=\"display: none;\"\t\t\t>\n\t\t\t\t<div class=\"sow-accordion-panel-border\">\n\t\t\t\t\t<p>Sie haben auf der Website der <a href=\"https:\/\/www.bachmann.ch\/datenschutzerklaerung\/\">BACHMANN GROUP<\/a> die M\u00f6glichkeit sich direkt auf eine Lehrstelle oder offene Stelle zu bewerben.<\/p>\n\t\t\t\t<\/div>\n\t\t\t<\/div>\n\t\t<\/div>\n\t\t\t<div class=\"sow-accordion-panel\n\t\t\t\t\"\n\t\t\tdata-anchor-id=\"bewerbung-via-onlineformular\">\n\t\t\t\t<div class=\"sow-accordion-panel-header-container\" role=\"heading\" aria-level=\"2\">\n\t\t\t\t\t<div class=\"sow-accordion-panel-header\" tabindex=\"0\" role=\"button\" id=\"accordion-label-bewerbung-via-onlineformular\" aria-controls=\"accordion-content-bewerbung-via-onlineformular\" aria-expanded=\"false\">\n\t\t\t\t\t\t<div class=\"sow-accordion-title sow-accordion-title-icon-left\">\n\t\t\t\t\t\t\t\t\t\t\t\t\t\tBEWERBUNG VIA ONLINEFORMULAR\t\t\t\t\t\t\t\t\t\t\t\t\t<\/div>\n\t\t\t\t\t\t<div class=\"sow-accordion-open-close-button\">\n\t\t\t\t\t\t\t<div class=\"sow-accordion-open-button\">\n\t\t\t\t\t\t\t\t<span class=\"sow-icon-ionicons\" data-sow-icon=\"&#xf218;\"\n\t\t \n\t\taria-hidden=\"true\"><\/span>\t\t\t\t\t\t\t<\/div>\n\t\t\t\t\t\t\t<div class=\"sow-accordion-close-button\">\n\t\t\t\t\t\t\t\t<span class=\"sow-icon-ionicons\" data-sow-icon=\"&#xf209;\"\n\t\t \n\t\taria-hidden=\"true\"><\/span>\t\t\t\t\t\t\t<\/div>\n\t\t\t\t\t\t<\/div>\n\t\t\t\t\t<\/div>\n\t\t\t\t<\/div>\n\n\t\t\t<div\n\t\t\t\tclass=\"sow-accordion-panel-content\"\n\t\t\t\trole=\"region\"\n\t\t\t\taria-labelledby=\"accordion-label-bewerbung-via-onlineformular\"\n\t\t\t\tid=\"accordion-content-bewerbung-via-onlineformular\"\n\t\t\t\tstyle=\"display: none;\"\t\t\t>\n\t\t\t\t<div class=\"sow-accordion-panel-border\">\n\t\t\t\t\t<p>Damit Sie sich auf eine offene Stelle oder Schnupperlehre bei uns bewerben k\u00f6nnen, ist das Ausf\u00fcllen des Online-Bewerbungsformulars erforderlich. Bei der Onlinebewerbung erheben wir folgende Daten von Ihnen, wobei Pflichtangaben im entsprechenden Formular mit einem Sternchen (*) markiert sind. Wir ben\u00f6tigen diese Angaben, um Ihre Bewerbung zu bearbeiten.<\/p>\n<ul>\n<li>Anrede<\/li>\n<li>Vor- und Nachname<\/li>\n<li>Strasse<\/li>\n<li>PLZ, Ort<\/li>\n<li>Land<\/li>\n<li>Telefon<\/li>\n<li>E-Mail-Adresse<\/li>\n<li>Bewerbungsunterlagen<\/li>\n<li>Lebenslauf<\/li>\n<li>Arbeitszeugnisse<\/li>\n<li>Diplome<\/li>\n<li>Weitere freiwillige Unterlagen<\/li>\n<\/ul>\n\t\t\t\t<\/div>\n\t\t\t<\/div>\n\t\t<\/div>\n\t\t\t<div class=\"sow-accordion-panel\n\t\t\t\t\"\n\t\t\tdata-anchor-id=\"bearbeitung-ihrer-bewerberdaten\">\n\t\t\t\t<div class=\"sow-accordion-panel-header-container\" role=\"heading\" aria-level=\"2\">\n\t\t\t\t\t<div class=\"sow-accordion-panel-header\" tabindex=\"0\" role=\"button\" id=\"accordion-label-bearbeitung-ihrer-bewerberdaten\" aria-controls=\"accordion-content-bearbeitung-ihrer-bewerberdaten\" aria-expanded=\"false\">\n\t\t\t\t\t\t<div class=\"sow-accordion-title sow-accordion-title-icon-left\">\n\t\t\t\t\t\t\t\t\t\t\t\t\t\tBEARBEITUNG IHRER BEWERBERDATEN\t\t\t\t\t\t\t\t\t\t\t\t\t<\/div>\n\t\t\t\t\t\t<div class=\"sow-accordion-open-close-button\">\n\t\t\t\t\t\t\t<div class=\"sow-accordion-open-button\">\n\t\t\t\t\t\t\t\t<span class=\"sow-icon-ionicons\" data-sow-icon=\"&#xf218;\"\n\t\t \n\t\taria-hidden=\"true\"><\/span>\t\t\t\t\t\t\t<\/div>\n\t\t\t\t\t\t\t<div class=\"sow-accordion-close-button\">\n\t\t\t\t\t\t\t\t<span class=\"sow-icon-ionicons\" data-sow-icon=\"&#xf209;\"\n\t\t \n\t\taria-hidden=\"true\"><\/span>\t\t\t\t\t\t\t<\/div>\n\t\t\t\t\t\t<\/div>\n\t\t\t\t\t<\/div>\n\t\t\t\t<\/div>\n\n\t\t\t<div\n\t\t\t\tclass=\"sow-accordion-panel-content\"\n\t\t\t\trole=\"region\"\n\t\t\t\taria-labelledby=\"accordion-label-bearbeitung-ihrer-bewerberdaten\"\n\t\t\t\tid=\"accordion-content-bearbeitung-ihrer-bewerberdaten\"\n\t\t\t\tstyle=\"display: none;\"\t\t\t>\n\t\t\t\t<div class=\"sow-accordion-panel-border\">\n\t\t\t\t\t<p>Wenn Sie sich auf eine Stelle bei uns bewerben, bearbeiten wir diejenigen Personendaten, die wir im Rahmen des Bewerbungsverfahrens von Ihnen erhalten, bzw. die Sie auf dem Bewerbungsportal hochladen. Dazu geh\u00f6ren neben Ihren Angaben zur Person, Ausbildung, Arbeitserfahrung und F\u00e4higkeiten, die \u00fcblichen Korrespondenzdaten wie Postanschrift, E-Mail-Adresse und Telefonnummer. Zudem werden alle von Ihnen im Zusammenhang mit der Bewerbung eingereichten Unterlagen, wie Lebenslauf, Diplome und Zeugnisse bearbeitet. Daneben k\u00f6nnen Sie uns freiwillig zus\u00e4tzliche Informationen zukommen lassen.<\/p>\n<p>Ferner k\u00f6nnen wir Informationen von Dritten bearbeiten, wie Informationen aus amtlichen Registern (z. B. Kredit- oder Strafregisterauskunft), Referenzen von fr\u00fcheren Arbeitgebern oder andere Ausk\u00fcnfte sowie Informationen aus \u00f6ffentlichen und beruflichen Netzwerken. Wenn Sie uns Daten anderer Personen (z.B. Referenzpersonen) zur Verf\u00fcgung stellen, teilen Sie uns deren Daten nur mit, wenn Sie dies d\u00fcrfen und wenn diese Daten richtig sind.<\/p>\n<p>Ausserdem bearbeiten wir Informationen, die im Rahmen des Auswahlverfahrens \u00fcbermittelt oder generiert werden, wie aus Vorstellungsgespr\u00e4chen oder Beurteilungen (z.B. zu Arbeitsf\u00e4higkeit oder Testergebnisse). Werden Vorstellungsgespr\u00e4che per Telefon oder Videokonferenz gef\u00fchrt, k\u00f6nnen diese Gespr\u00e4che aufgezeichnet werden, sofern Sie hierzu eingewilligt haben.<\/p>\n<p>Diese Daten werden ausschliesslich im Rahmen Ihrer Bewerbung gespeichert, ausgewertet, bearbeitet oder intern weitergeleitet. Ferner k\u00f6nnen sie f\u00fcr statistische Zwecke (z.B. Reporting) bearbeitet werden. In diesem Fall sind keine R\u00fcckschl\u00fcsse auf einzelne Personen m\u00f6glich.<\/p>\n<p>Ihre Bewerberdaten werden getrennt von den \u00fcbrigen Nutzerdaten gespeichert und nicht mit diesen zusammengef\u00fchrt.<\/p>\n<p>Die Bearbeitung Ihrer Bewerberdaten erfolgt zur Erf\u00fcllung unserer (vor)vertraglichen Verpflichtungen im Rahmen des Bewerbungsverfahrens.<\/p>\n<p>Sie k\u00f6nnen dieser Datenbearbeitung jederzeit widersprechen und Ihre Bewerbung zur\u00fcckziehen. Nutzen Sie hierf\u00fcr die entsprechenden Funktionen unseres Bewerberportals oder senden Sie Ihren Widerspruch an die in Ziffer 1 genannte E-Mail-Adresse.<\/p>\n<p>Schliessen wir einen Arbeitsvertrag mit Ihnen, werden die \u00fcbermittelten Daten zum Zwecke der Abwicklung des Arbeitsverh\u00e4ltnisses unter Beachtung der gesetzlichen Vorschriften gespeichert.<\/p>\n<p>Endet das Bewerbungsverfahren ohne Anstellung, werden Ihre Personendaten noch 6 Monate zu Dokumentationszwecken gespeichert und danach gel\u00f6scht, sofern Sie uns keine Einwilligung gegeben haben, Ihre Angaben f\u00fcr weitere Bewerbungsverfahren bei uns zu verwenden (sog. Bewerberpool). Selbstverst\u00e4ndlich haben Sie die M\u00f6glichkeit, diese Einwilligung nachtr\u00e4glich jederzeit zu widerrufen. Ihren Widerruf k\u00f6nnen Sie an die unter Ziffer 1 genannte E-Mail-Adresse senden.<\/p>\n\t\t\t\t<\/div>\n\t\t\t<\/div>\n\t\t<\/div>\n\t\t\t<div class=\"sow-accordion-panel\n\t\t\t\t\"\n\t\t\tdata-anchor-id=\"cookies\">\n\t\t\t\t<div class=\"sow-accordion-panel-header-container\" role=\"heading\" aria-level=\"2\">\n\t\t\t\t\t<div class=\"sow-accordion-panel-header\" tabindex=\"0\" role=\"button\" id=\"accordion-label-cookies\" aria-controls=\"accordion-content-cookies\" aria-expanded=\"false\">\n\t\t\t\t\t\t<div class=\"sow-accordion-title sow-accordion-title-icon-left\">\n\t\t\t\t\t\t\t\t\t\t\t\t\t\tCOOKIES\t\t\t\t\t\t\t\t\t\t\t\t\t<\/div>\n\t\t\t\t\t\t<div class=\"sow-accordion-open-close-button\">\n\t\t\t\t\t\t\t<div class=\"sow-accordion-open-button\">\n\t\t\t\t\t\t\t\t<span class=\"sow-icon-ionicons\" data-sow-icon=\"&#xf218;\"\n\t\t \n\t\taria-hidden=\"true\"><\/span>\t\t\t\t\t\t\t<\/div>\n\t\t\t\t\t\t\t<div class=\"sow-accordion-close-button\">\n\t\t\t\t\t\t\t\t<span class=\"sow-icon-ionicons\" data-sow-icon=\"&#xf209;\"\n\t\t \n\t\taria-hidden=\"true\"><\/span>\t\t\t\t\t\t\t<\/div>\n\t\t\t\t\t\t<\/div>\n\t\t\t\t\t<\/div>\n\t\t\t\t<\/div>\n\n\t\t\t<div\n\t\t\t\tclass=\"sow-accordion-panel-content\"\n\t\t\t\trole=\"region\"\n\t\t\t\taria-labelledby=\"accordion-label-cookies\"\n\t\t\t\tid=\"accordion-content-cookies\"\n\t\t\t\tstyle=\"display: none;\"\t\t\t>\n\t\t\t\t<div class=\"sow-accordion-panel-border\">\n\t\t\t\t\t<p>Wir setzen auf unserer Webseite sogenannte Cookies ein. Cookies sind kleine Textdateien, die mit Hilfe des Browsers auf Ihrem Endger\u00e4t (Laptop, Tablet, Smartphone o.\u00e4.) abgelegt und gespeichert werden. Sie dienen dazu, unsere Webseite insgesamt nutzerfreundlicher und effektiver zu gestalten und Ihnen den Besuch auf unserer Webseite so angenehm wie m\u00f6glich zu machen. Cookies richten auf Ihrem Endger\u00e4t keinen Schaden an. Sie k\u00f6nnen keine Programme ausf\u00fchren und keine Viren enthalten.<\/p>\n<p>Die meisten der von uns verwendeten Cookies sind sogenannte Session-Cookies. Diese werden automatisch gel\u00f6scht, wenn Sie sich ausloggen oder den Browser schliessen. Andere Cookies bleiben \u00fcber den jeweiligen Nutzungsvorgang hinaus auf Ihrem Endger\u00e4t gespeichert und erm\u00f6glichen uns oder unseren Partnerunternehmen (Cookies von Drittanbietern), Ihren Browser beim n\u00e4chsten Besuch wiederzuerkennen. Soweit andere Cookies (z.B. Cookies zur Analyse Ihres Surfverhaltens) gespeichert werden, werden diese in dieser Datenschutzerkl\u00e4rung gesondert behandelt.<\/p>\n<p>Sie k\u00f6nnen Ihren Browser so einrichten, dass er Sie \u00fcber das Setzen von Cookies informiert und Sie die Annahme von Cookies f\u00fcr bestimmte F\u00e4lle nur im Einzelfall erlauben oder generell ausschliessen. Wir m\u00f6chten Sie jedoch darauf hinweisen, dass Sie dann gegebenenfalls nicht alle Funktionen unserer Webseite werden nutzen k\u00f6nnen.<\/p>\n\t\t\t\t<\/div>\n\t\t\t<\/div>\n\t\t<\/div>\n\t\t\t<div class=\"sow-accordion-panel\n\t\t\t\t\"\n\t\t\tdata-anchor-id=\"google-dienste\">\n\t\t\t\t<div class=\"sow-accordion-panel-header-container\" role=\"heading\" aria-level=\"2\">\n\t\t\t\t\t<div class=\"sow-accordion-panel-header\" tabindex=\"0\" role=\"button\" id=\"accordion-label-google-dienste\" aria-controls=\"accordion-content-google-dienste\" aria-expanded=\"false\">\n\t\t\t\t\t\t<div class=\"sow-accordion-title sow-accordion-title-icon-left\">\n\t\t\t\t\t\t\t\t\t\t\t\t\t\tGOOGLE DIENSTE\t\t\t\t\t\t\t\t\t\t\t\t\t<\/div>\n\t\t\t\t\t\t<div class=\"sow-accordion-open-close-button\">\n\t\t\t\t\t\t\t<div class=\"sow-accordion-open-button\">\n\t\t\t\t\t\t\t\t<span class=\"sow-icon-ionicons\" data-sow-icon=\"&#xf218;\"\n\t\t \n\t\taria-hidden=\"true\"><\/span>\t\t\t\t\t\t\t<\/div>\n\t\t\t\t\t\t\t<div class=\"sow-accordion-close-button\">\n\t\t\t\t\t\t\t\t<span class=\"sow-icon-ionicons\" data-sow-icon=\"&#xf209;\"\n\t\t \n\t\taria-hidden=\"true\"><\/span>\t\t\t\t\t\t\t<\/div>\n\t\t\t\t\t\t<\/div>\n\t\t\t\t\t<\/div>\n\t\t\t\t<\/div>\n\n\t\t\t<div\n\t\t\t\tclass=\"sow-accordion-panel-content\"\n\t\t\t\trole=\"region\"\n\t\t\t\taria-labelledby=\"accordion-label-google-dienste\"\n\t\t\t\tid=\"accordion-content-google-dienste\"\n\t\t\t\tstyle=\"display: none;\"\t\t\t>\n\t\t\t\t<div class=\"sow-accordion-panel-border\">\n\t\t\t\t\t<p>Wir nutzen auf unserer Webseite verschiedene Dienste der Google LLC mit Sitz in den USA, bzw. wenn Sie ihren gew\u00f6hnlichen Aufenthalt im Europ\u00e4ischen Wirtschaftsraum (EWR) oder der Schweiz haben, Google Ireland Ltd., mit Sitz in Irland (\u00abGoogle\u00bb). F\u00fcr die Bearbeitung von Personendaten bei der Nutzung von \u00abGoogle Maps\u00bb ist immer Google LLC verantwortlich. Wir setzen die folgenden Google Dienste auf unseren Webseiten ein:<\/p>\n<ul>\n<li>Google Tag Manager<\/li>\n<li>Google Analytics<\/li>\n<li>Google Maps<\/li>\n<\/ul>\n<p>&nbsp;<\/p>\n<p>N\u00e4here Informationen zu den einzelnen Diensten finden Sie weiter unten.<\/p>\n<p>Google verwendet Technologien wie Cookies, Webspeicher im Browser und Z\u00e4hlpixel, die eine Analyse der Benutzung unserer Webseite durch Sie erm\u00f6glichen. Die dadurch erzeugten Informationen \u00fcber Ihre Benutzung unserer Webseite k\u00f6nnen an einen Server von Google in den USA oder in weitere L\u00e4nder \u00fcbermittelt und dort gespeichert werden. Informationen \u00fcber die Standorte der Rechenzentren von Google finden Sie <a href=\"https:\/\/www.google.com\/about\/datacenters\/locations\/\">hier<\/a>.<\/p>\n<p>Wir verwenden von Google zur Verf\u00fcgung gestellte Tools, die nach Aussage von Google Personendaten in L\u00e4ndern bearbeiten k\u00f6nnen, in denen Google oder dessen <a href=\"https:\/\/business.safety.google\/adssubprocessors\/\">Unterauftragnehmer<\/a> Einrichtungen unterhalten. Google verspricht in seinem \u00ab<a href=\"https:\/\/business.safety.google\/processorterms\/\">Data Processing Addendum for Products where Google is a Data Processor<\/a>\u00bb, ein angemessenes Datenschutzniveau zu gew\u00e4hrleisten, indem es sich auf die EU-Standardvertragsklauseln st\u00fctzt.<\/p>\n<p>N\u00e4here Informationen zur Bearbeitung durch Google und zu den Privatsph\u00e4reneinstellungen k\u00f6nnen Sie der <a href=\"https:\/\/policies.google.com\/privacy?hl=de\">Datenschutzerkl\u00e4rung<\/a> bzw. den <a href=\"https:\/\/safety.google\/privacy\/privacy-controls\/\">Datenschutzeinstellungen<\/a> von Google entnehmen.<\/p>\n\t\t\t\t<\/div>\n\t\t\t<\/div>\n\t\t<\/div>\n\t\t\t<div class=\"sow-accordion-panel\n\t\t\t\t\"\n\t\t\tdata-anchor-id=\"google-tag-manager\">\n\t\t\t\t<div class=\"sow-accordion-panel-header-container\" role=\"heading\" aria-level=\"2\">\n\t\t\t\t\t<div class=\"sow-accordion-panel-header\" tabindex=\"0\" role=\"button\" id=\"accordion-label-google-tag-manager\" aria-controls=\"accordion-content-google-tag-manager\" aria-expanded=\"false\">\n\t\t\t\t\t\t<div class=\"sow-accordion-title sow-accordion-title-icon-left\">\n\t\t\t\t\t\t\t\t\t\t\t\t\t\tGOOGLE TAG MANAGER\t\t\t\t\t\t\t\t\t\t\t\t\t<\/div>\n\t\t\t\t\t\t<div class=\"sow-accordion-open-close-button\">\n\t\t\t\t\t\t\t<div class=\"sow-accordion-open-button\">\n\t\t\t\t\t\t\t\t<span class=\"sow-icon-ionicons\" data-sow-icon=\"&#xf218;\"\n\t\t \n\t\taria-hidden=\"true\"><\/span>\t\t\t\t\t\t\t<\/div>\n\t\t\t\t\t\t\t<div class=\"sow-accordion-close-button\">\n\t\t\t\t\t\t\t\t<span class=\"sow-icon-ionicons\" data-sow-icon=\"&#xf209;\"\n\t\t \n\t\taria-hidden=\"true\"><\/span>\t\t\t\t\t\t\t<\/div>\n\t\t\t\t\t\t<\/div>\n\t\t\t\t\t<\/div>\n\t\t\t\t<\/div>\n\n\t\t\t<div\n\t\t\t\tclass=\"sow-accordion-panel-content\"\n\t\t\t\trole=\"region\"\n\t\t\t\taria-labelledby=\"accordion-label-google-tag-manager\"\n\t\t\t\tid=\"accordion-content-google-tag-manager\"\n\t\t\t\tstyle=\"display: none;\"\t\t\t>\n\t\t\t\t<div class=\"sow-accordion-panel-border\">\n\t\t\t\t\t<p>Unsere Webseite verwenden den Google Tag Manager. Mit dem Google Tag Manager k\u00f6nnen Webseiten-Tags effizient verwaltet werden. Webseiten-Tags sind Platzhalter, welche im Quelltext der jeweiligen Webseite hinterlegt werden, um z.B. die Einbindung von h\u00e4ufig verwendeten Webseiten-Elementen, wie beispielsweise Code f\u00fcr Webanalysedienste, zu erfassen. Der Google Tag Manager sorgt f\u00fcr die Ausl\u00f6sung anderer Tags, die ihrerseits unter Umst\u00e4nden Daten erfassen. Google Tag Manager greift nicht auf diese Daten zu. Wenn auf Domain- oder Cookie-Ebene eine Deaktivierung vorgenommen wurde, bleibt diese f\u00fcr alle Tracking-Tags bestehen, die mit Google Tag Manager implementiert werden.<\/p>\n<p>Weitere Informationen finden Sie in den <a href=\"https:\/\/marketingplatform.google.com\/intl\/de\/about\/analytics\/tag-manager\/use-policy\/\">Nutzungsbedingungen des Google Tag Managers<\/a>.<\/p>\n\t\t\t\t<\/div>\n\t\t\t<\/div>\n\t\t<\/div>\n\t\t\t<div class=\"sow-accordion-panel\n\t\t\t\t\"\n\t\t\tdata-anchor-id=\"google-analytics\">\n\t\t\t\t<div class=\"sow-accordion-panel-header-container\" role=\"heading\" aria-level=\"2\">\n\t\t\t\t\t<div class=\"sow-accordion-panel-header\" tabindex=\"0\" role=\"button\" id=\"accordion-label-google-analytics\" aria-controls=\"accordion-content-google-analytics\" aria-expanded=\"false\">\n\t\t\t\t\t\t<div class=\"sow-accordion-title sow-accordion-title-icon-left\">\n\t\t\t\t\t\t\t\t\t\t\t\t\t\tGOOGLE ANALYTICS\t\t\t\t\t\t\t\t\t\t\t\t\t<\/div>\n\t\t\t\t\t\t<div class=\"sow-accordion-open-close-button\">\n\t\t\t\t\t\t\t<div class=\"sow-accordion-open-button\">\n\t\t\t\t\t\t\t\t<span class=\"sow-icon-ionicons\" data-sow-icon=\"&#xf218;\"\n\t\t \n\t\taria-hidden=\"true\"><\/span>\t\t\t\t\t\t\t<\/div>\n\t\t\t\t\t\t\t<div class=\"sow-accordion-close-button\">\n\t\t\t\t\t\t\t\t<span class=\"sow-icon-ionicons\" data-sow-icon=\"&#xf209;\"\n\t\t \n\t\taria-hidden=\"true\"><\/span>\t\t\t\t\t\t\t<\/div>\n\t\t\t\t\t\t<\/div>\n\t\t\t\t\t<\/div>\n\t\t\t\t<\/div>\n\n\t\t\t<div\n\t\t\t\tclass=\"sow-accordion-panel-content\"\n\t\t\t\trole=\"region\"\n\t\t\t\taria-labelledby=\"accordion-label-google-analytics\"\n\t\t\t\tid=\"accordion-content-google-analytics\"\n\t\t\t\tstyle=\"display: none;\"\t\t\t>\n\t\t\t\t<div class=\"sow-accordion-panel-border\">\n\t\t\t\t\t<p>Zum Zwecke der Analyse unserer Webseite und ihrer Besucher sowie f\u00fcr Marketing- und Werbezwecke nutzen wir den Webanalysedienst Google Analytics 4.<\/p>\n<p>Google Analytics verwendet Cookies, die auf Ihrem Endger\u00e4t (Laptop, Tablet, Smartphone o.\u00e4.) gespeichert werden und eine Analyse Ihrer Benutzung unserer Webseite erm\u00f6glichen. Hierdurch k\u00f6nnen wir das Nutzungsverhalten auf unserer Webseite auswerten und \u00fcber die gewonnenen Statistiken\/Reports unser Angebot interessanter ausgestalten.<\/p>\n<p>Bei Google Analytics 4 ist die Anonymisierung von IP-Adressen standardm\u00e4ssig aktiviert. Dadurch wird Ihre IP-Adresse von Google innerhalb der Schweiz bzw. der EU\/EWR vor der \u00dcbermittlung gek\u00fcrzt. Nur in Ausnahmef\u00e4llen wird die volle IP-Adresse an einen Server von Google \u00fcbermittelt und dort gek\u00fcrzt.<\/p>\n<p>Google verwendet diese Informationen, um Ihre Nutzung unserer Webseite auszuwerten, um Reports \u00fcber die Webseiteaktivit\u00e4ten zusammenzustellen und um weitere mit der Webseitennutzung und der Internetnutzung verbundene Dienstleistungen uns gegen\u00fcber zu erbringen. Die im Rahmen von Google Analytics von Ihrem Browser \u00fcbermittelte IP-Adresse wird gem\u00e4ss Google nicht mit anderen Daten von Google zusammengef\u00fchrt. Beim Besuch unserer Webseite wird Ihr Nutzerverhalten in Form von Ereignissen (etwa Seitenaufrufe, Interaktion mit der Webseite oder Ihr \u00abKlickpfad\u00bb) sowie andere Daten wie Ihr ungef\u00e4hrer Standort (Land und Stadt), technische Informationen zu Ihrem Browser und den von Ihnen genutzten Endger\u00e4ten oder die Referrer-URL, d.h. \u00fcber welche Webseite \/ Werbemittel Sie auf unsere Webseite gekommen sind, erfasst.<\/p>\n<p>Sie k\u00f6nnen die Erfassung und \u00dcbermittlung der durch das Cookie erzeugten und auf Ihre Nutzung unserer Webseite bezogenen Daten (inkl. Ihrer IP-Adresse) an Google sowie die Bearbeitung dieser Daten durch Google verhindern, indem Sie das <a href=\"http:\/\/tools.google.com\/dlpage\/gaoptout?hl=de\">Browser-Add-on zur Deaktivierung von Google Analytics<\/a> herunterladen und installieren. Wenn Sie der interessensbezogenen Werbung durch Google widersprechen m\u00f6chten, k\u00f6nnen Sie die von Google gestellten <a href=\"https:\/\/adssettings.google.com\/\">Einstellungs- und Opt-Out-M\u00f6glichkeiten<\/a> nutzen.<\/p>\n<p>Eine \u00dcbersicht \u00fcber die Datennutzung in Google Analytics und der von Google ergriffenen Massnahmen zum Schutz Ihrer Daten finden Sie in der <a href=\"https:\/\/support.google.com\/analytics\/answer\/6004245\">Google Analytics-Hilfe<\/a>.<\/p>\n<p>Weitere Informationen zu den <a href=\"https:\/\/marketingplatform.google.com\/about\/analytics\/terms\/de\/\">Nutzungsbedingungen von Google Analytics<\/a> und zum <a href=\"https:\/\/policies.google.com\/privacy?hl=de\">Datenschutz bei Google<\/a>, k\u00f6nnen Sie den jeweiligen Dokumenten entnehmen.<\/p>\n\t\t\t\t<\/div>\n\t\t\t<\/div>\n\t\t<\/div>\n\t\t\t<div class=\"sow-accordion-panel\n\t\t\t\t\"\n\t\t\tdata-anchor-id=\"google-maps\">\n\t\t\t\t<div class=\"sow-accordion-panel-header-container\" role=\"heading\" aria-level=\"2\">\n\t\t\t\t\t<div class=\"sow-accordion-panel-header\" tabindex=\"0\" role=\"button\" id=\"accordion-label-google-maps\" aria-controls=\"accordion-content-google-maps\" aria-expanded=\"false\">\n\t\t\t\t\t\t<div class=\"sow-accordion-title sow-accordion-title-icon-left\">\n\t\t\t\t\t\t\t\t\t\t\t\t\t\tGOOGLE MAPS\t\t\t\t\t\t\t\t\t\t\t\t\t<\/div>\n\t\t\t\t\t\t<div class=\"sow-accordion-open-close-button\">\n\t\t\t\t\t\t\t<div class=\"sow-accordion-open-button\">\n\t\t\t\t\t\t\t\t<span class=\"sow-icon-ionicons\" data-sow-icon=\"&#xf218;\"\n\t\t \n\t\taria-hidden=\"true\"><\/span>\t\t\t\t\t\t\t<\/div>\n\t\t\t\t\t\t\t<div class=\"sow-accordion-close-button\">\n\t\t\t\t\t\t\t\t<span class=\"sow-icon-ionicons\" data-sow-icon=\"&#xf209;\"\n\t\t \n\t\taria-hidden=\"true\"><\/span>\t\t\t\t\t\t\t<\/div>\n\t\t\t\t\t\t<\/div>\n\t\t\t\t\t<\/div>\n\t\t\t\t<\/div>\n\n\t\t\t<div\n\t\t\t\tclass=\"sow-accordion-panel-content\"\n\t\t\t\trole=\"region\"\n\t\t\t\taria-labelledby=\"accordion-label-google-maps\"\n\t\t\t\tid=\"accordion-content-google-maps\"\n\t\t\t\tstyle=\"display: none;\"\t\t\t>\n\t\t\t\t<div class=\"sow-accordion-panel-border\">\n\t\t\t\t\t<p>Zur Einbindung interaktiver Karten auf unserer Webseite nutzen wir den Onlinekartendienst Google Maps.<\/p>\n<p>Beim Aufruf einer Webseite, auf welcher die Karten von Google Maps eingebettet sind, wird Google Maps ein Cookie setzen. Dieses Cookie wird im Regelfall nicht durch das Schliessen des Browsers gel\u00f6scht, sondern l\u00e4uft erst nach einer bestimmten Zeit ab, sofern es nicht von Ihnen zuvor manuell gel\u00f6scht wird.<\/p>\n<p>Durch die Nutzung von Google Maps k\u00f6nnen Informationen \u00fcber Ihre Benutzung unserer Webseite (einschliesslich Ihrer IP-Adresse) an einen Server von Google in den USA \u00fcbermittelt und dort gespeichert werden. Google speichert diese Daten unter Umst\u00e4nden als Nutzungsprofile f\u00fcr Zwecke der bedarfsgerechten Gestaltung der Dienste, Werbung sowie der Marktforschung. Wenn Sie bei Google angemeldet sind, werden Ihre Daten direkt Ihrem Konto zugeordnet. Sollten Sie dies nicht w\u00fcnschen, m\u00fcssen Sie sich zuvor abmelden.<\/p>\n<p>Wenn Sie mit dieser Bearbeitung Ihrer Informationen nicht einverstanden sind, so besteht die M\u00f6glichkeit, den Google Maps-Service zu deaktivieren. Dazu m\u00fcssen Sie die Java-Script-Funktion in Ihrem Browser deaktivieren. Dies kann allerdings auch andere Funktionen unserer Webseite beeintr\u00e4chtigen.<\/p>\n<p>Weitere Informationen k\u00f6nnen Sie den <a href=\"https:\/\/www.google.com\/intl\/de_de\/help\/terms_maps\/\">Nutzungsbedingungen f\u00fcr Google Maps<\/a> und der <a href=\"https:\/\/policies.google.com\/privacy?hl=de&amp;gl=de\">Datenschutzerkl\u00e4rung von Google<\/a> entnehmen.<\/p>\n\t\t\t\t<\/div>\n\t\t\t<\/div>\n\t\t<\/div>\n\t\t\t<div class=\"sow-accordion-panel\n\t\t\t\t\"\n\t\t\tdata-anchor-id=\"social-media-prasenz\">\n\t\t\t\t<div class=\"sow-accordion-panel-header-container\" role=\"heading\" aria-level=\"2\">\n\t\t\t\t\t<div class=\"sow-accordion-panel-header\" tabindex=\"0\" role=\"button\" id=\"accordion-label-social-media-pr%c3%a4senz\" aria-controls=\"accordion-content-social-media-pr%c3%a4senz\" aria-expanded=\"false\">\n\t\t\t\t\t\t<div class=\"sow-accordion-title sow-accordion-title-icon-left\">\n\t\t\t\t\t\t\t\t\t\t\t\t\t\tSOCIAL MEDIA PR\u00c4SENZ\t\t\t\t\t\t\t\t\t\t\t\t\t<\/div>\n\t\t\t\t\t\t<div class=\"sow-accordion-open-close-button\">\n\t\t\t\t\t\t\t<div class=\"sow-accordion-open-button\">\n\t\t\t\t\t\t\t\t<span class=\"sow-icon-ionicons\" data-sow-icon=\"&#xf218;\"\n\t\t \n\t\taria-hidden=\"true\"><\/span>\t\t\t\t\t\t\t<\/div>\n\t\t\t\t\t\t\t<div class=\"sow-accordion-close-button\">\n\t\t\t\t\t\t\t\t<span class=\"sow-icon-ionicons\" data-sow-icon=\"&#xf209;\"\n\t\t \n\t\taria-hidden=\"true\"><\/span>\t\t\t\t\t\t\t<\/div>\n\t\t\t\t\t\t<\/div>\n\t\t\t\t\t<\/div>\n\t\t\t\t<\/div>\n\n\t\t\t<div\n\t\t\t\tclass=\"sow-accordion-panel-content\"\n\t\t\t\trole=\"region\"\n\t\t\t\taria-labelledby=\"accordion-label-social-media-pr%c3%a4senz\"\n\t\t\t\tid=\"accordion-content-social-media-pr%c3%a4senz\"\n\t\t\t\tstyle=\"display: none;\"\t\t\t>\n\t\t\t\t<div class=\"sow-accordion-panel-border\">\n\t\t\t\t\t<p>Wir unterhalten Social Media Profile bei Facebook, Instagram, Youtube, TikTok und LinkedIn.<\/p>\n<p>Die von Ihnen auf unseren Social Media-Profilen eingegebenen Daten werden durch die Social Media-Plattform ver\u00f6ffentlicht und von uns zu keiner Zeit f\u00fcr andere Zwecke verwendet oder bearbeitet. Wir behalten uns aber vor, Inhalte zu l\u00f6schen, sofern dies erforderlich sein sollte. Allenfalls kommunizieren wir \u00fcber die Social Media Plattform mit Ihnen.<\/p>\n<p>Seien Sie sich bewusst, dass der Betreiber der Social Media-Plattform Webtrackingmethoden einsetzt. Das Webtracking, worauf wir keinen Einfluss haben, kann dabei auch unabh\u00e4ngig davon erfolgen, ob Sie bei der Social Media-Plattform angemeldet oder registriert sind.<\/p>\n<p>Genauere Angaben zur Datenbearbeitung sowie weitergehende Hinweise zu Ihren diesbez\u00fcglichen Rechten und Einstellungsm\u00f6glichkeiten zum Schutz Ihrer Privatsph\u00e4re sowie Ihrem Widerspruchsrecht gegen die Bildung von Nutzerprofilen durch den Anbieter der Social Media-Plattform finden Sie in der Datenschutzerkl\u00e4rung des jeweiligen Anbieters:<\/p>\n<table width=\"558\">\n<tbody>\n<tr>\n<td width=\"406\">\u00b7\u00a0\u00a0\u00a0\u00a0\u00a0\u00a0 <u>Facebook<\/u><\/td>\n<td width=\"151\">&nbsp;<\/td>\n<\/tr>\n<tr>\n<td width=\"406\">Meta Platforms Inc. (USA)\/Meta Platforms Ireland Ltd. (Irland):<\/td>\n<td width=\"151\"><a href=\"https:\/\/www.facebook.com\/policy\">Datenschutzerkl\u00e4rung<\/a><\/td>\n<\/tr>\n<tr>\n<td width=\"406\">&nbsp;<\/td>\n<td width=\"151\">&nbsp;<\/td>\n<\/tr>\n<tr>\n<td width=\"406\">\u00b7\u00a0\u00a0\u00a0\u00a0\u00a0\u00a0 <u>Instagram<\/u><\/td>\n<td width=\"151\">&nbsp;<\/td>\n<\/tr>\n<tr>\n<td width=\"406\">Meta Platforms Inc. (USA)\/Meta Platforms Ireland Ltd. (Irland):<\/td>\n<td width=\"151\"><a href=\"https:\/\/privacycenter.instagram.com\/policy\">Datenrichtlinie<\/a><\/td>\n<\/tr>\n<tr>\n<td width=\"406\">&nbsp;<\/td>\n<td width=\"151\">&nbsp;<\/td>\n<\/tr>\n<tr>\n<td width=\"406\">&nbsp;<\/td>\n<td width=\"151\">&nbsp;<\/td>\n<\/tr>\n<tr>\n<td width=\"406\">\u00b7\u00a0\u00a0\u00a0\u00a0\u00a0\u00a0 <u>LinkedIn<\/u><\/td>\n<td width=\"151\">&nbsp;<\/td>\n<\/tr>\n<tr>\n<td width=\"406\">LinkedIn Corporation (USA)\/LinkedIn Ireland Unlimited Company (Irland):<\/td>\n<td width=\"151\"><a href=\"https:\/\/de.linkedin.com\/legal\/privacy-policy?\">Datenschutzerkl\u00e4rung<\/a><\/td>\n<\/tr>\n<tr>\n<td width=\"406\">\u00b7\u00a0\u00a0\u00a0\u00a0\u00a0\u00a0 <u>Youtube<\/u><\/td>\n<td width=\"151\">&nbsp;<\/td>\n<\/tr>\n<tr>\n<td width=\"406\">YouTube LLC (USA):<\/td>\n<td width=\"151\"><a href=\"https:\/\/policies.google.com\/privacy?hl=de&amp;gl=en\">Datenschutzerkl\u00e4rung<\/a>)<\/td>\n<\/tr>\n<tr>\n<td width=\"406\">\u00b7\u00a0\u00a0\u00a0\u00a0\u00a0\u00a0 <u>TikTok<\/u><\/td>\n<td width=\"151\">&nbsp;<\/td>\n<\/tr>\n<\/tbody>\n<\/table>\n\t\t\t\t<\/div>\n\t\t\t<\/div>\n\t\t<\/div>\n\t\t\t<div class=\"sow-accordion-panel\n\t\t\t\t\"\n\t\t\tdata-anchor-id=\"links-zu-webseiten-dritter\">\n\t\t\t\t<div class=\"sow-accordion-panel-header-container\" role=\"heading\" aria-level=\"2\">\n\t\t\t\t\t<div class=\"sow-accordion-panel-header\" tabindex=\"0\" role=\"button\" id=\"accordion-label-links-zu-webseiten-dritter\" aria-controls=\"accordion-content-links-zu-webseiten-dritter\" aria-expanded=\"false\">\n\t\t\t\t\t\t<div class=\"sow-accordion-title sow-accordion-title-icon-left\">\n\t\t\t\t\t\t\t\t\t\t\t\t\t\tLINKS ZU WEBSEITEN DRITTER\t\t\t\t\t\t\t\t\t\t\t\t\t<\/div>\n\t\t\t\t\t\t<div class=\"sow-accordion-open-close-button\">\n\t\t\t\t\t\t\t<div class=\"sow-accordion-open-button\">\n\t\t\t\t\t\t\t\t<span class=\"sow-icon-ionicons\" data-sow-icon=\"&#xf218;\"\n\t\t \n\t\taria-hidden=\"true\"><\/span>\t\t\t\t\t\t\t<\/div>\n\t\t\t\t\t\t\t<div class=\"sow-accordion-close-button\">\n\t\t\t\t\t\t\t\t<span class=\"sow-icon-ionicons\" data-sow-icon=\"&#xf209;\"\n\t\t \n\t\taria-hidden=\"true\"><\/span>\t\t\t\t\t\t\t<\/div>\n\t\t\t\t\t\t<\/div>\n\t\t\t\t\t<\/div>\n\t\t\t\t<\/div>\n\n\t\t\t<div\n\t\t\t\tclass=\"sow-accordion-panel-content\"\n\t\t\t\trole=\"region\"\n\t\t\t\taria-labelledby=\"accordion-label-links-zu-webseiten-dritter\"\n\t\t\t\tid=\"accordion-content-links-zu-webseiten-dritter\"\n\t\t\t\tstyle=\"display: none;\"\t\t\t>\n\t\t\t\t<div class=\"sow-accordion-panel-border\">\n\t\t\t\t\t<p>Manche Links auf dieser Webseite f\u00fchren zu Webseiten Dritter. Diese stehen nicht mehr unter dem Einflussbereich der BACHMANN GROUP. F\u00fcr die Richtigkeit, Vollst\u00e4ndigkeit und Rechtm\u00e4ssigkeit der dort enthaltenen Inhalte und Verlinkung mit weiteren Webseiten sowie f\u00fcr allf\u00e4llige dort enthaltene Angebote, Produkte und Dienstleistungen \u00fcbernimmt die BACHMANN GROUP deshalb keinerlei Verantwortung. Die Nutzung verlinkter Webseiten erfolgt in eigener Verantwortung.<\/p>\n\t\t\t\t<\/div>\n\t\t\t<\/div>\n\t\t<\/div>\n\t\t\t<div class=\"sow-accordion-panel\n\t\t\t\t\"\n\t\t\tdata-anchor-id=\"datensicherheit\">\n\t\t\t\t<div class=\"sow-accordion-panel-header-container\" role=\"heading\" aria-level=\"2\">\n\t\t\t\t\t<div class=\"sow-accordion-panel-header\" tabindex=\"0\" role=\"button\" id=\"accordion-label-datensicherheit\" aria-controls=\"accordion-content-datensicherheit\" aria-expanded=\"false\">\n\t\t\t\t\t\t<div class=\"sow-accordion-title sow-accordion-title-icon-left\">\n\t\t\t\t\t\t\t\t\t\t\t\t\t\tDATENSICHERHEIT\t\t\t\t\t\t\t\t\t\t\t\t\t<\/div>\n\t\t\t\t\t\t<div class=\"sow-accordion-open-close-button\">\n\t\t\t\t\t\t\t<div class=\"sow-accordion-open-button\">\n\t\t\t\t\t\t\t\t<span class=\"sow-icon-ionicons\" data-sow-icon=\"&#xf218;\"\n\t\t \n\t\taria-hidden=\"true\"><\/span>\t\t\t\t\t\t\t<\/div>\n\t\t\t\t\t\t\t<div class=\"sow-accordion-close-button\">\n\t\t\t\t\t\t\t\t<span class=\"sow-icon-ionicons\" data-sow-icon=\"&#xf209;\"\n\t\t \n\t\taria-hidden=\"true\"><\/span>\t\t\t\t\t\t\t<\/div>\n\t\t\t\t\t\t<\/div>\n\t\t\t\t\t<\/div>\n\t\t\t\t<\/div>\n\n\t\t\t<div\n\t\t\t\tclass=\"sow-accordion-panel-content\"\n\t\t\t\trole=\"region\"\n\t\t\t\taria-labelledby=\"accordion-label-datensicherheit\"\n\t\t\t\tid=\"accordion-content-datensicherheit\"\n\t\t\t\tstyle=\"display: none;\"\t\t\t>\n\t\t\t\t<div class=\"sow-accordion-panel-border\">\n\t\t\t\t\t<p>Wir treffen technische und organisatorische Sicherheitsvorkehrungen, um Ihre Personendaten gegen Manipulation, Verlust, Zerst\u00f6rung oder gegen den Zugriff unberechtigter Personen zu sch\u00fctzen.<\/p>\n<p>Zu unseren Sicherheitsmassnahmen geh\u00f6rt auch eine Verschl\u00fcsselung Ihrer Personendaten. Alle Informationen, die Sie online eingeben, werden \u00fcber einen verschl\u00fcsselten \u00dcbertragungsweg \u00fcbermittelt. Dadurch k\u00f6nnen diese Informationen zu keinem Zeitpunkt von unbefugten Dritten eingesehen werden.<\/p>\n<p>Unsere Sicherheitsmassnahmen werden entsprechend der technologischen Entwicklung fortlaufend verbessert.<\/p>\n<p>Unsere Mitarbeitenden und die von uns beauftragten Dienstleistungsunternehmen sind zur Verschwiegenheit und zur Einhaltung der datenschutzrechtlichen Bestimmungen verpflichtet. \u00dcberdies wird diesen der Zugriff auf Ihre Personendaten nur soweit notwendig gew\u00e4hrt.<\/p>\n\t\t\t\t<\/div>\n\t\t\t<\/div>\n\t\t<\/div>\n\t\t\t<div class=\"sow-accordion-panel\n\t\t\t\t\"\n\t\t\tdata-anchor-id=\"ihre-rechte\">\n\t\t\t\t<div class=\"sow-accordion-panel-header-container\" role=\"heading\" aria-level=\"2\">\n\t\t\t\t\t<div class=\"sow-accordion-panel-header\" tabindex=\"0\" role=\"button\" id=\"accordion-label-ihre-rechte\" aria-controls=\"accordion-content-ihre-rechte\" aria-expanded=\"false\">\n\t\t\t\t\t\t<div class=\"sow-accordion-title sow-accordion-title-icon-left\">\n\t\t\t\t\t\t\t\t\t\t\t\t\t\tIHRE RECHTE\t\t\t\t\t\t\t\t\t\t\t\t\t<\/div>\n\t\t\t\t\t\t<div class=\"sow-accordion-open-close-button\">\n\t\t\t\t\t\t\t<div class=\"sow-accordion-open-button\">\n\t\t\t\t\t\t\t\t<span class=\"sow-icon-ionicons\" data-sow-icon=\"&#xf218;\"\n\t\t \n\t\taria-hidden=\"true\"><\/span>\t\t\t\t\t\t\t<\/div>\n\t\t\t\t\t\t\t<div class=\"sow-accordion-close-button\">\n\t\t\t\t\t\t\t\t<span class=\"sow-icon-ionicons\" data-sow-icon=\"&#xf209;\"\n\t\t \n\t\taria-hidden=\"true\"><\/span>\t\t\t\t\t\t\t<\/div>\n\t\t\t\t\t\t<\/div>\n\t\t\t\t\t<\/div>\n\t\t\t\t<\/div>\n\n\t\t\t<div\n\t\t\t\tclass=\"sow-accordion-panel-content\"\n\t\t\t\trole=\"region\"\n\t\t\t\taria-labelledby=\"accordion-label-ihre-rechte\"\n\t\t\t\tid=\"accordion-content-ihre-rechte\"\n\t\t\t\tstyle=\"display: none;\"\t\t\t>\n\t\t\t\t<div class=\"sow-accordion-panel-border\">\n\t\t\t\t\t<p><a name=\"_Toc2331813\"><\/a>Ihnen stehen grunds\u00e4tzlich die Rechte auf Auskunft, Berichtigung, L\u00f6schung, Einschr\u00e4nkung, Daten\u00fcbertragbarkeit, Widerspruch gegen die Bearbeitung und Widerruf der Einwilligung mit Bezug auf Ihre Personendaten zu.<\/p>\n<p>Bitte beachten Sie aber, dass wir uns vorbehalten, die gesetzlich vorgesehenen Einschr\u00e4nkungen geltend zu machen, etwa wenn wir zur Aufbewahrung oder Bearbeitung gewisser Daten verpflichtet sind, daran ein \u00fcberwiegendes Interesse haben (soweit wir uns darauf berufen d\u00fcrfen) oder sie f\u00fcr die Geltendmachung von Anspr\u00fcchen ben\u00f6tigen.<\/p>\n<p>Beachten Sie, dass die Aus\u00fcbung dieser Rechte im Konflikt zu vertraglichen Abmachungen stehen kann und dies Folgen wie z.B. die vorzeitige Vertragsaufl\u00f6sung oder Kostenfolgen haben kann. Wir werden Sie diesfalls vorg\u00e4ngig informieren, wo dies nicht bereits vertraglich geregelt ist.<\/p>\n<p>Wenn Sie glauben, dass die Bearbeitung Ihrer Personendaten gegen das Datenschutzrecht verst\u00f6sst, oder Ihre datenschutzrechtlichen Anspr\u00fcche sonst in einer Weise verletzt worden sind, k\u00f6nnen Sie sich ausserdem bei der zust\u00e4ndigen Aufsichtsbeh\u00f6rde beschweren. In der Schweiz ist dies der <a href=\"https:\/\/www.edoeb.admin.ch\/\">Eidgen\u00f6ssische Datenschutz- und \u00d6ffentlichkeitsbeauftrage<\/a> (ED\u00d6B).<\/p>\n<p>Die Aus\u00fcbung Ihrer datenschutzrechtlichen Rechte setzt in der Regel voraus, dass Sie Ihre Identit\u00e4t eindeutig nachweisen (z.B. durch eine Ausweiskopie, wo Ihre Identit\u00e4t sonst nicht klar ist bzw. verifiziert werden kann). Zur Geltendmachung Ihrer Rechte kontaktieren Sie uns bitte per E-Mail unter der in Ziffer 1 bezeichneten E-Mail-Adresse.<\/p>\n\t\t\t\t<\/div>\n\t\t\t<\/div>\n\t\t<\/div>\n\t\t<\/div>\n<\/div>\n<\/div><\/div><\/div><\/div><\/div><\/div><\/div>","protected":false},"excerpt":{"rendered":"<p>ZIEL Diese Datenschutzerkl\u00e4rung soll Transparenz schaffen, indem sie allen betroffenen Personen klar und verst\u00e4ndlich erl\u00e4utert, welche personenbezogenen Daten gesammelt werden, wie diese verwendet werden und zu welchem Zweck dies geschieht. Weiter soll sie auch die betroffenen Personen \u00fcber ihre Rechte in Bezug auf ihre gesammelten, personenbezogenen Daten informieren und dadurch das Vertrauen der dieser Betroffenen [&hellip;]<\/p>\n","protected":false},"author":10,"featured_media":0,"parent":0,"menu_order":200,"comment_status":"closed","ping_status":"closed","template":"page-gruppe.php","meta":{"footnotes":""},"class_list":["post-3759","page","type-page","status-publish","hentry"],"yoast_head":"<!-- This site is optimized with the Yoast SEO plugin v25.9 - https:\/\/yoast.com\/wordpress\/plugins\/seo\/ -->\n<title>Protection des donn\u00e9es - BACHMANN GROUP<\/title>\n<meta name=\"robots\" content=\"index, follow, max-snippet:-1, max-image-preview:large, max-video-preview:-1\" \/>\n<link rel=\"canonical\" href=\"https:\/\/www.bachmann.ch\/fr\/protection-des-donnees\/\" \/>\n<meta property=\"og:locale\" content=\"fr_FR\" \/>\n<meta property=\"og:type\" content=\"article\" \/>\n<meta property=\"og:title\" content=\"Protection des donn\u00e9es - BACHMANN GROUP\" \/>\n<meta property=\"og:description\" content=\"ZIEL Diese Datenschutzerkl\u00e4rung soll Transparenz schaffen, indem sie allen betroffenen Personen klar und verst\u00e4ndlich erl\u00e4utert, welche personenbezogenen Daten gesammelt werden, wie diese verwendet werden und zu welchem Zweck dies geschieht. Weiter soll sie auch die betroffenen Personen \u00fcber ihre Rechte in Bezug auf ihre gesammelten, personenbezogenen Daten informieren und dadurch das Vertrauen der dieser Betroffenen [&hellip;]\" \/>\n<meta property=\"og:url\" content=\"https:\/\/www.bachmann.ch\/fr\/protection-des-donnees\/\" \/>\n<meta property=\"og:site_name\" content=\"BACHMANN GROUP\" \/>\n<meta property=\"article:modified_time\" content=\"2024-09-25T08:09:13+00:00\" \/>\n<meta name=\"twitter:card\" content=\"summary_large_image\" \/>\n<meta name=\"twitter:label1\" content=\"Dur\u00e9e de lecture estim\u00e9e\" \/>\n\t<meta name=\"twitter:data1\" content=\"20 minutes\" \/>\n<script type=\"application\/ld+json\" class=\"yoast-schema-graph\">{\"@context\":\"https:\/\/schema.org\",\"@graph\":[{\"@type\":\"WebPage\",\"@id\":\"https:\/\/www.bachmann.ch\/fr\/protection-des-donnees\/\",\"url\":\"https:\/\/www.bachmann.ch\/fr\/protection-des-donnees\/\",\"name\":\"Protection des donn\u00e9es - BACHMANN GROUP\",\"isPartOf\":{\"@id\":\"https:\/\/www.bachmann.ch\/en\/#website\"},\"datePublished\":\"2024-09-24T08:43:10+00:00\",\"dateModified\":\"2024-09-25T08:09:13+00:00\",\"breadcrumb\":{\"@id\":\"https:\/\/www.bachmann.ch\/fr\/protection-des-donnees\/#breadcrumb\"},\"inLanguage\":\"fr-FR\",\"potentialAction\":[{\"@type\":\"ReadAction\",\"target\":[\"https:\/\/www.bachmann.ch\/fr\/protection-des-donnees\/\"]}]},{\"@type\":\"BreadcrumbList\",\"@id\":\"https:\/\/www.bachmann.ch\/fr\/protection-des-donnees\/#breadcrumb\",\"itemListElement\":[{\"@type\":\"ListItem\",\"position\":1,\"name\":\"Home\",\"item\":\"https:\/\/www.bachmann.ch\/fr\/\"},{\"@type\":\"ListItem\",\"position\":2,\"name\":\"Protection des donn\u00e9es\"}]},{\"@type\":\"WebSite\",\"@id\":\"https:\/\/www.bachmann.ch\/en\/#website\",\"url\":\"https:\/\/www.bachmann.ch\/en\/\",\"name\":\"BACHMANN GROUP\",\"description\":\"\",\"potentialAction\":[{\"@type\":\"SearchAction\",\"target\":{\"@type\":\"EntryPoint\",\"urlTemplate\":\"https:\/\/www.bachmann.ch\/en\/?s={search_term_string}\"},\"query-input\":{\"@type\":\"PropertyValueSpecification\",\"valueRequired\":true,\"valueName\":\"search_term_string\"}}],\"inLanguage\":\"fr-FR\"}]}<\/script>\n<!-- \/ Yoast SEO plugin. -->","yoast_head_json":{"title":"Protection des donn\u00e9es - BACHMANN GROUP","robots":{"index":"index","follow":"follow","max-snippet":"max-snippet:-1","max-image-preview":"max-image-preview:large","max-video-preview":"max-video-preview:-1"},"canonical":"https:\/\/www.bachmann.ch\/fr\/protection-des-donnees\/","og_locale":"fr_FR","og_type":"article","og_title":"Protection des donn\u00e9es - BACHMANN GROUP","og_description":"ZIEL Diese Datenschutzerkl\u00e4rung soll Transparenz schaffen, indem sie allen betroffenen Personen klar und verst\u00e4ndlich erl\u00e4utert, welche personenbezogenen Daten gesammelt werden, wie diese verwendet werden und zu welchem Zweck dies geschieht. Weiter soll sie auch die betroffenen Personen \u00fcber ihre Rechte in Bezug auf ihre gesammelten, personenbezogenen Daten informieren und dadurch das Vertrauen der dieser Betroffenen [&hellip;]","og_url":"https:\/\/www.bachmann.ch\/fr\/protection-des-donnees\/","og_site_name":"BACHMANN GROUP","article_modified_time":"2024-09-25T08:09:13+00:00","twitter_card":"summary_large_image","twitter_misc":{"Dur\u00e9e de lecture estim\u00e9e":"20 minutes"},"schema":{"@context":"https:\/\/schema.org","@graph":[{"@type":"WebPage","@id":"https:\/\/www.bachmann.ch\/fr\/protection-des-donnees\/","url":"https:\/\/www.bachmann.ch\/fr\/protection-des-donnees\/","name":"Protection des donn\u00e9es - BACHMANN GROUP","isPartOf":{"@id":"https:\/\/www.bachmann.ch\/en\/#website"},"datePublished":"2024-09-24T08:43:10+00:00","dateModified":"2024-09-25T08:09:13+00:00","breadcrumb":{"@id":"https:\/\/www.bachmann.ch\/fr\/protection-des-donnees\/#breadcrumb"},"inLanguage":"fr-FR","potentialAction":[{"@type":"ReadAction","target":["https:\/\/www.bachmann.ch\/fr\/protection-des-donnees\/"]}]},{"@type":"BreadcrumbList","@id":"https:\/\/www.bachmann.ch\/fr\/protection-des-donnees\/#breadcrumb","itemListElement":[{"@type":"ListItem","position":1,"name":"Home","item":"https:\/\/www.bachmann.ch\/fr\/"},{"@type":"ListItem","position":2,"name":"Protection des donn\u00e9es"}]},{"@type":"WebSite","@id":"https:\/\/www.bachmann.ch\/en\/#website","url":"https:\/\/www.bachmann.ch\/en\/","name":"BACHMANN GROUP","description":"","potentialAction":[{"@type":"SearchAction","target":{"@type":"EntryPoint","urlTemplate":"https:\/\/www.bachmann.ch\/en\/?s={search_term_string}"},"query-input":{"@type":"PropertyValueSpecification","valueRequired":true,"valueName":"search_term_string"}}],"inLanguage":"fr-FR"}]}},"_links":{"self":[{"href":"https:\/\/www.bachmann.ch\/fr\/wp-json\/wp\/v2\/pages\/3759","targetHints":{"allow":["GET"]}}],"collection":[{"href":"https:\/\/www.bachmann.ch\/fr\/wp-json\/wp\/v2\/pages"}],"about":[{"href":"https:\/\/www.bachmann.ch\/fr\/wp-json\/wp\/v2\/types\/page"}],"author":[{"embeddable":true,"href":"https:\/\/www.bachmann.ch\/fr\/wp-json\/wp\/v2\/users\/10"}],"replies":[{"embeddable":true,"href":"https:\/\/www.bachmann.ch\/fr\/wp-json\/wp\/v2\/comments?post=3759"}],"version-history":[{"count":3,"href":"https:\/\/www.bachmann.ch\/fr\/wp-json\/wp\/v2\/pages\/3759\/revisions"}],"predecessor-version":[{"id":3881,"href":"https:\/\/www.bachmann.ch\/fr\/wp-json\/wp\/v2\/pages\/3759\/revisions\/3881"}],"wp:attachment":[{"href":"https:\/\/www.bachmann.ch\/fr\/wp-json\/wp\/v2\/media?parent=3759"}],"curies":[{"name":"wp","href":"https:\/\/api.w.org\/{rel}","templated":true}]}}