{"id":3211,"date":"2023-11-23T11:17:25","date_gmt":"2023-11-23T10:17:25","guid":{"rendered":"https:\/\/www.bachmann.ch\/nachhaltigkeit\/"},"modified":"2025-08-06T11:38:37","modified_gmt":"2025-08-06T09:38:37","slug":"nachhaltigkeit","status":"publish","type":"page","link":"https:\/\/www.bachmann.ch\/fr\/nachhaltigkeit\/","title":{"rendered":"Durabilit\u00e9"},"content":{"rendered":"<div id=\"pl-3211\"  class=\"panel-layout\" ><div id=\"pg-3211-0\"  class=\"panel-grid panel-has-style\" ><div data-iw-animation-delay=\"\" data-iw-animation-position=\"\" class=\"panel-row-style panel-row-style-for-3211-0\" ><div id=\"pgc-3211-0-0\"  class=\"panel-grid-cell\" ><div id=\"panel-3211-0-0-0\" class=\"so-panel widget widget_bachmannsimpleteaser-widget panel-first-child panel-last-child\" data-index=\"0\" ><div data-iw-animation-delay=\"\" data-iw-animation-position=\"\" class=\"panel-widget-style panel-widget-style-for-3211-0-0-0\" ><div\n\t\t\t\n\t\t\tclass=\"so-widget-bachmannsimpleteaser-widget so-widget-bachmannsimpleteaser-widget-base\"\n\t\t\t\n\t\t>        <div uk-grid class=\"uk-grid-match\">\n                            <div class=\"uk-width-1-3@m simpleteaser\">\n                    <div class=\"simpleteaserItem\">\n                        <div class=\"simpleteaserItemImg uk-inline-clip uk-transition-toggle\">\n                            <a href=\"https:\/\/www.bachmann.ch\/fr\/nachhaltigkeit\/circular-by-2025\/\" target=\"_self\">                                <img decoding=\"async\" class=\"uk-transition-opaque\" src=\"https:\/\/www.bachmann.ch\/wp-content\/uploads\/Rigi.png\" alt=\"future-proof packaging\">\n                                <h3 class=\"simpleteaserItemImgTitle uk-text-uppercase\">future-proof packaging<\/h3>\n                            <\/a>                        <\/div>\n                                                    <div class=\"simpleteaserItemText\">\n                                Notre vision : des solutions d'emballage d'avenir. Nous fa\u00e7onnons l'avenir de votre emballage.                            <\/div>\n                                                                            <a href=\"https:\/\/www.bachmann.ch\/fr\/nachhaltigkeit\/circular-by-2025\/\" target=\"_self\">\n                                <div class=\"simpleteaserItemLink\">Lire la suite <span uk-icon=\"arrow-right\"><\/span><\/div>\n                            <\/a>\n                                            <\/div>\n                <\/div>\n                                <div class=\"uk-width-1-3@m simpleteaser\">\n                    <div class=\"simpleteaserItem\">\n                        <div class=\"simpleteaserItemImg uk-inline-clip uk-transition-toggle\">\n                                                            <img decoding=\"async\" class=\"uk-transition-opaque\" src=\"https:\/\/www.bachmann.ch\/wp-content\/uploads\/Erdkugel.png\" alt=\"Durabilit\u00e9\">\n                                <h3 class=\"simpleteaserItemImgTitle uk-text-uppercase\">Durabilit\u00e9<\/h3>\n                                                    <\/div>\n                                                    <div class=\"simpleteaserItemText\">\n                                En tant que fabricant d'emballages de consommation depuis de nombreuses ann\u00e9es, nous sommes pr\u00e9destin\u00e9s \u00e0 contribuer \u00e0 la recherche de solutions vari\u00e9es.                            <\/div>\n                                                                    <\/div>\n                <\/div>\n                                <div class=\"uk-width-1-3@m simpleteaser\">\n                    <div class=\"simpleteaserItem\">\n                        <div class=\"simpleteaserItemImg uk-inline-clip uk-transition-toggle\">\n                                                            <img decoding=\"async\" class=\"uk-transition-opaque\" src=\"https:\/\/www.bachmann.ch\/wp-content\/uploads\/Road.png\" alt=\"Feuille de route\">\n                                <h3 class=\"simpleteaserItemImgTitle uk-text-uppercase\">Feuille de route<\/h3>\n                                                    <\/div>\n                                                    <div class=\"simpleteaserItemText\">\n                                Notre strat\u00e9gie de d\u00e9veloppement durable s'articule autour de diff\u00e9rents champs d'action avec des \u00e9tapes cl\u00e9s sur notre plan d'action quinquennal.                            <\/div>\n                                                                    <\/div>\n                <\/div>\n                                <div class=\"uk-width-1-3@m simpleteaser\">\n                    <div class=\"simpleteaserItem\">\n                        <div class=\"simpleteaserItemImg uk-inline-clip uk-transition-toggle\">\n                            <a href=\"https:\/\/www.bachmann.ch\/fr\/nachhaltigkeit\/design-for-recycling-d4r\/\" target=\"_self\">                                <img decoding=\"async\" class=\"uk-transition-opaque\" src=\"https:\/\/www.bachmann.ch\/wp-content\/uploads\/Unbenannt-7.png\" alt=\"Design for Recycling\">\n                                <h3 class=\"simpleteaserItemImgTitle uk-text-uppercase\">Design for Recycling<\/h3>\n                            <\/a>                        <\/div>\n                                                    <div class=\"simpleteaserItemText\">\n                                Pour les nouveaux produits, nous choisissons la combinaison optimale de mati\u00e8re premi\u00e8re et de design avec le moins de poids possible pour la meilleure recyclabilit\u00e9.                            <\/div>\n                                                                            <a href=\"https:\/\/www.bachmann.ch\/fr\/nachhaltigkeit\/design-for-recycling-d4r\/\" target=\"_self\">\n                                <div class=\"simpleteaserItemLink\">Lire la suite <span uk-icon=\"arrow-right\"><\/span><\/div>\n                            <\/a>\n                                            <\/div>\n                <\/div>\n                                <div class=\"uk-width-1-3@m simpleteaser\">\n                    <div class=\"simpleteaserItem\">\n                        <div class=\"simpleteaserItemImg uk-inline-clip uk-transition-toggle\">\n                                                            <img decoding=\"async\" class=\"uk-transition-opaque\" src=\"https:\/\/www.bachmann.ch\/wp-content\/uploads\/Unbenannt-6.png\" alt=\"Produits innovants\">\n                                <h3 class=\"simpleteaserItemImgTitle uk-text-uppercase\">Produits innovants<\/h3>\n                                                    <\/div>\n                                                    <div class=\"simpleteaserItemText\">\n                                Gr\u00e2ce aux id\u00e9es de nos clients et de nous-m\u00eames, nous d\u00e9veloppons chaque ann\u00e9e de nombreuses solutions d'emballage nomin\u00e9es et souvent r\u00e9compens\u00e9es.                            <\/div>\n                                                                    <\/div>\n                <\/div>\n                                <div class=\"uk-width-1-3@m simpleteaser\">\n                    <div class=\"simpleteaserItem\">\n                        <div class=\"simpleteaserItemImg uk-inline-clip uk-transition-toggle\">\n                                                            <img decoding=\"async\" class=\"uk-transition-opaque\" src=\"https:\/\/www.bachmann.ch\/wp-content\/uploads\/Unbenannt-8.png\" alt=\"Nouveaux mat\u00e9riaux\">\n                                <h3 class=\"simpleteaserItemImgTitle uk-text-uppercase\">Nouveaux mat\u00e9riaux<\/h3>\n                                                    <\/div>\n                                                    <div class=\"simpleteaserItemText\">\n                                Nous utilisons r\u00e9guli\u00e8rement de nouveaux mat\u00e9riaux plus durables, comme le tall oil, les plastiques bio-renouvelables, l'aluminium recycl\u00e9, le papier, le carton, la fonte de fibres, etc.                            <\/div>\n                                                                    <\/div>\n                <\/div>\n                                <div class=\"uk-width-1-3@m simpleteaser\">\n                    <div class=\"simpleteaserItem\">\n                        <div class=\"simpleteaserItemImg uk-inline-clip uk-transition-toggle\">\n                            <a href=\"https:\/\/www.bachmann.ch\/fr\/nachhaltigkeit\/foodwaste\/\" target=\"_self\">                                <img decoding=\"async\" class=\"uk-transition-opaque\" src=\"https:\/\/www.bachmann.ch\/wp-content\/uploads\/Unbenannt-32.png\" alt=\"D\u00e9chets alimentaires\">\n                                <h3 class=\"simpleteaserItemImgTitle uk-text-uppercase\">D\u00e9chets alimentaires<\/h3>\n                            <\/a>                        <\/div>\n                                                    <div class=\"simpleteaserItemText\">\n                                Nos solutions d'emballage \u00e9vitent le gaspillage alimentaire et r\u00e9duisent ainsi consid\u00e9rablement l'impact sur le CO2.                            <\/div>\n                                                                            <a href=\"https:\/\/www.bachmann.ch\/fr\/nachhaltigkeit\/foodwaste\/\" target=\"_self\">\n                                <div class=\"simpleteaserItemLink\">Lire la suite <span uk-icon=\"arrow-right\"><\/span><\/div>\n                            <\/a>\n                                            <\/div>\n                <\/div>\n                                <div class=\"uk-width-1-3@m simpleteaser\">\n                    <div class=\"simpleteaserItem\">\n                        <div class=\"simpleteaserItemImg uk-inline-clip uk-transition-toggle\">\n                                                            <img decoding=\"async\" class=\"uk-transition-opaque\" src=\"https:\/\/www.bachmann.ch\/wp-content\/uploads\/Unbenannt-26.png\" alt=\"Plastique intelligent\">\n                                <h3 class=\"simpleteaserItemImgTitle uk-text-uppercase\">Plastique intelligent<\/h3>\n                                                    <\/div>\n                                                    <div class=\"simpleteaserItemText\">\n                                Ce mat\u00e9riau est l\u00e9ger, flexible, transparent, bon march\u00e9 et renouvelable, compostable et recyclable.                            <\/div>\n                                                                    <\/div>\n                <\/div>\n                                <div class=\"uk-width-1-3@m simpleteaser\">\n                    <div class=\"simpleteaserItem\">\n                        <div class=\"simpleteaserItemImg uk-inline-clip uk-transition-toggle\">\n                            <a href=\"https:\/\/www.bachmann.ch\/fr\/nachhaltigkeit\/circular-by-2025-2\/\" target=\"_self\">                                <img decoding=\"async\" class=\"uk-transition-opaque\" src=\"https:\/\/www.bachmann.ch\/wp-content\/uploads\/Unbenannt-33.png\" alt=\"Un seul fournisseur\">\n                                <h3 class=\"simpleteaserItemImgTitle uk-text-uppercase\">Un seul fournisseur<\/h3>\n                            <\/a>                        <\/div>\n                                                    <div class=\"simpleteaserItemText\">\n                                Du d\u00e9veloppement express pour le client avec une fabrication de pointe \u00e0 la livraison \u00e0 domicile ou au stockage jusqu'\u00e0 la demande du client.                            <\/div>\n                                                                            <a href=\"https:\/\/www.bachmann.ch\/fr\/nachhaltigkeit\/circular-by-2025-2\/\" target=\"_self\">\n                                <div class=\"simpleteaserItemLink\">Lire la suite <span uk-icon=\"arrow-right\"><\/span><\/div>\n                            <\/a>\n                                            <\/div>\n                <\/div>\n                                <div class=\"uk-width-1-3@m simpleteaser\">\n                    <div class=\"simpleteaserItem\">\n                        <div class=\"simpleteaserItemImg uk-inline-clip uk-transition-toggle\">\n                                                            <img decoding=\"async\" class=\"uk-transition-opaque\" src=\"https:\/\/www.bachmann.ch\/wp-content\/uploads\/Unbenannt-34.png\" alt=\"Taux de recyclage\">\n                                <h3 class=\"simpleteaserItemImgTitle uk-text-uppercase\">Taux de recyclage<\/h3>\n                                                    <\/div>\n                                                    <div class=\"simpleteaserItemText\">\n                                PLANTEC a depuis longtemps presque 100% de rPS produit en interne. Chez FORMING, la part de rPET achet\u00e9e est d\u00e9j\u00e0 de 35%.                            <\/div>\n                                                                    <\/div>\n                <\/div>\n                                <div class=\"uk-width-1-3@m simpleteaser\">\n                    <div class=\"simpleteaserItem\">\n                        <div class=\"simpleteaserItemImg uk-inline-clip uk-transition-toggle\">\n                            <a href=\"https:\/\/www.bachmann.ch\/fr\/nachhaltigkeit\/kuehlschrank-story\/\" target=\"_self\">                                <img decoding=\"async\" class=\"uk-transition-opaque\" src=\"https:\/\/www.bachmann.ch\/wp-content\/uploads\/Unbenannt-31.png\" alt=\"Histoire de r\u00e9frig\u00e9rateur\">\n                                <h3 class=\"simpleteaserItemImgTitle uk-text-uppercase\">Histoire de r\u00e9frig\u00e9rateur<\/h3>\n                            <\/a>                        <\/div>\n                                                    <div class=\"simpleteaserItemText\">\n                                PLANTEC utilise de grandes quantit\u00e9s de plastique recycl\u00e9 provenant de la d\u00e9construction professionnelle de r\u00e9frig\u00e9rateurs, tr\u00e8s respectueuse de l'environnement.                            <\/div>\n                                                                            <a href=\"https:\/\/www.bachmann.ch\/fr\/nachhaltigkeit\/kuehlschrank-story\/\" target=\"_self\">\n                                <div class=\"simpleteaserItemLink\">Lire la suite <span uk-icon=\"arrow-right\"><\/span><\/div>\n                            <\/a>\n                                            <\/div>\n                <\/div>\n                                <div class=\"uk-width-1-3@m simpleteaser\">\n                    <div class=\"simpleteaserItem\">\n                        <div class=\"simpleteaserItemImg uk-inline-clip uk-transition-toggle\">\n                                                            <img decoding=\"async\" class=\"uk-transition-opaque\" src=\"https:\/\/www.bachmann.ch\/wp-content\/uploads\/Unbenannt-35.png\" alt=\"Dos du plateau\">\n                                <h3 class=\"simpleteaserItemImgTitle uk-text-uppercase\">Dos du plateau<\/h3>\n                                                    <\/div>\n                                                    <div class=\"simpleteaserItemText\">\n                                Nous organisons la reprise des barquettes usag\u00e9es pour le recyclage. En fonction du type de mat\u00e9riau et de la distance qui nous s\u00e9pare de nos fabricants de films.                            <\/div>\n                                                                    <\/div>\n                <\/div>\n                                <div class=\"uk-width-1-3@m simpleteaser\">\n                    <div class=\"simpleteaserItem\">\n                        <div class=\"simpleteaserItemImg uk-inline-clip uk-transition-toggle\">\n                                                            <img decoding=\"async\" class=\"uk-transition-opaque\" src=\"https:\/\/www.bachmann.ch\/wp-content\/uploads\/Unbenannt-11.png\" alt=\"Calculateur environnemental\">\n                                <h3 class=\"simpleteaserItemImgTitle uk-text-uppercase\">Calculateur environnemental<\/h3>\n                                                    <\/div>\n                                                    <div class=\"simpleteaserItemText\">\n                                Notre calculateur de produit sur mesure permet de calculer l'empreinte carbone et les points d'impact sur l'environnement (UBP).                            <\/div>\n                                                                    <\/div>\n                <\/div>\n                                <div class=\"uk-width-1-3@m simpleteaser\">\n                    <div class=\"simpleteaserItem\">\n                        <div class=\"simpleteaserItemImg uk-inline-clip uk-transition-toggle\">\n                                                            <img decoding=\"async\" class=\"uk-transition-opaque\" src=\"https:\/\/www.bachmann.ch\/wp-content\/uploads\/Unbenannt-12.png\" alt=\"Contr\u00f4le de la durabilit\u00e9\">\n                                <h3 class=\"simpleteaserItemImgTitle uk-text-uppercase\">Contr\u00f4le de la durabilit\u00e9<\/h3>\n                                                    <\/div>\n                                                    <div class=\"simpleteaserItemText\">\n                                Comparaison de 3 variantes d'emballage diff\u00e9rentes pour des d\u00e9clarations claires sur la compatibilit\u00e9 avec l'environnement et le cycle de vie ainsi que la protection du produit.                            <\/div>\n                                                                    <\/div>\n                <\/div>\n                                <div class=\"uk-width-1-3@m simpleteaser\">\n                    <div class=\"simpleteaserItem\">\n                        <div class=\"simpleteaserItemImg uk-inline-clip uk-transition-toggle\">\n                                                            <img decoding=\"async\" class=\"uk-transition-opaque\" src=\"https:\/\/www.bachmann.ch\/wp-content\/uploads\/Unbenannt-16.png\" alt=\"Consultant\">\n                                <h3 class=\"simpleteaserItemImgTitle uk-text-uppercase\">Consultant<\/h3>\n                                                    <\/div>\n                                                    <div class=\"simpleteaserItemText\">\n                                Nous travaillons depuis plusieurs ann\u00e9es en \u00e9troite collaboration avec Carbotech AG ; entre autres pour notre strat\u00e9gie de durabilit\u00e9 et les questions relatives aux clients.                            <\/div>\n                                                                    <\/div>\n                <\/div>\n                                <div class=\"uk-width-1-3@m simpleteaser\">\n                    <div class=\"simpleteaserItem\">\n                        <div class=\"simpleteaserItemImg uk-inline-clip uk-transition-toggle\">\n                                                            <img decoding=\"async\" class=\"uk-transition-opaque\" src=\"https:\/\/www.bachmann.ch\/wp-content\/uploads\/Unbenannt-15.png\" alt=\"\u00c9conomies d'\u00e9lectricit\u00e9\">\n                                <h3 class=\"simpleteaserItemImgTitle uk-text-uppercase\">\u00c9conomies d'\u00e9lectricit\u00e9<\/h3>\n                                                    <\/div>\n                                                    <div class=\"simpleteaserItemText\">\n                                Outre les conventions d'objectifs \u00e9nerg\u00e9tiques, nous investissons dans les machines les plus r\u00e9centes, le traitement moderne de l'air comprim\u00e9, la r\u00e9cup\u00e9ration de la chaleur r\u00e9siduelle, etc.                            <\/div>\n                                                                    <\/div>\n                <\/div>\n                                <div class=\"uk-width-1-3@m simpleteaser\">\n                    <div class=\"simpleteaserItem\">\n                        <div class=\"simpleteaserItemImg uk-inline-clip uk-transition-toggle\">\n                                                            <img decoding=\"async\" class=\"uk-transition-opaque\" src=\"https:\/\/www.bachmann.ch\/wp-content\/uploads\/Unbenannt-9.png\" alt=\"100% d'\u00e9lectricit\u00e9 verte\">\n                                <h3 class=\"simpleteaserItemImgTitle uk-text-uppercase\">100% d'\u00e9lectricit\u00e9 verte<\/h3>\n                                                    <\/div>\n                                                    <div class=\"simpleteaserItemText\">\n                                Malgr\u00e9 des co\u00fbts suppl\u00e9mentaires consid\u00e9rables, nous achetons depuis plusieurs ann\u00e9es, en tant que gros consommateur d'\u00e9lectricit\u00e9, toute notre \u00e9lectricit\u00e9 sous forme d'\u00e9lectricit\u00e9 verte.                            <\/div>\n                                                                    <\/div>\n                <\/div>\n                                <div class=\"uk-width-1-3@m simpleteaser\">\n                    <div class=\"simpleteaserItem\">\n                        <div class=\"simpleteaserItemImg uk-inline-clip uk-transition-toggle\">\n                                                            <img decoding=\"async\" class=\"uk-transition-opaque\" src=\"https:\/\/www.bachmann.ch\/wp-content\/uploads\/Unbenannt-10.png\" alt=\"Centrale solaire\">\n                                <h3 class=\"simpleteaserItemImgTitle uk-text-uppercase\">Centrale solaire<\/h3>\n                                                    <\/div>\n                                                    <div class=\"simpleteaserItemText\">\n                                En 2023, nous avons construit une grande installation solaire pour notre propre consommation de 2,1 GWh (600 m\u00e9nages de 4 personnes) sur un total de 18 000 m2 de toiture.                            <\/div>\n                                                                    <\/div>\n                <\/div>\n                                <div class=\"uk-width-1-3@m simpleteaser\">\n                    <div class=\"simpleteaserItem\">\n                        <div class=\"simpleteaserItemImg uk-inline-clip uk-transition-toggle\">\n                                                            <img decoding=\"async\" class=\"uk-transition-opaque\" src=\"https:\/\/www.bachmann.ch\/wp-content\/uploads\/Unbenannt-30.png\" alt=\"Collaborateurs \">\n                                <h3 class=\"simpleteaserItemImgTitle uk-text-uppercase\">Collaborateurs <\/h3>\n                                                    <\/div>\n                                                    <div class=\"simpleteaserItemText\">\n                                Pour notre personnel, nous avons augment\u00e9 les salaires minimaux, les vacances et avons mis en place de nombreux avantages. Nous avons ainsi pu augmenter la satisfaction de mani\u00e8re significative.                            <\/div>\n                                                                    <\/div>\n                <\/div>\n                                <div class=\"uk-width-1-3@m simpleteaser\">\n                    <div class=\"simpleteaserItem\">\n                        <div class=\"simpleteaserItemImg uk-inline-clip uk-transition-toggle\">\n                                                            <img decoding=\"async\" class=\"uk-transition-opaque\" src=\"https:\/\/www.bachmann.ch\/wp-content\/uploads\/Unbenannt-29.png\" alt=\"Formation\">\n                                <h3 class=\"simpleteaserItemImgTitle uk-text-uppercase\">Formation<\/h3>\n                                                    <\/div>\n                                                    <div class=\"simpleteaserItemText\">\n                                Notre offre de formations est en constante augmentation. Nous encourageons vivement les formations continues et les possibilit\u00e9s de carri\u00e8re interne pour tous.                            <\/div>\n                                                                    <\/div>\n                <\/div>\n                                <div class=\"uk-width-1-3@m simpleteaser\">\n                    <div class=\"simpleteaserItem\">\n                        <div class=\"simpleteaserItemImg uk-inline-clip uk-transition-toggle\">\n                            <a href=\"https:\/\/www.bachmann.ch\/fr\/nachhaltigkeit\/soziale-aktivitaeten\/\" target=\"_self\">                                <img decoding=\"async\" class=\"uk-transition-opaque\" src=\"https:\/\/www.bachmann.ch\/wp-content\/uploads\/Unbenannt-28.png\" alt=\"Activit\u00e9s sociales\">\n                                <h3 class=\"simpleteaserItemImgTitle uk-text-uppercase\">Activit\u00e9s sociales<\/h3>\n                            <\/a>                        <\/div>\n                                                    <div class=\"simpleteaserItemText\">\n                                En plus des \u00e9v\u00e9nements d'\u00e9quipe, des f\u00eates et des cadeaux pour les collaborateurs, nous faisons du sponsoring et des dons aux personnes dans le besoin.                            <\/div>\n                                                                            <a href=\"https:\/\/www.bachmann.ch\/fr\/nachhaltigkeit\/soziale-aktivitaeten\/\" target=\"_self\">\n                                <div class=\"simpleteaserItemLink\">Lire la suite <span uk-icon=\"arrow-right\"><\/span><\/div>\n                            <\/a>\n                                            <\/div>\n                <\/div>\n                                <div class=\"uk-width-1-3@m simpleteaser\">\n                    <div class=\"simpleteaserItem\">\n                        <div class=\"simpleteaserItemImg uk-inline-clip uk-transition-toggle\">\n                                                            <img decoding=\"async\" class=\"uk-transition-opaque\" src=\"https:\/\/www.bachmann.ch\/wp-content\/uploads\/Unbenannt-17.png\" alt=\"Achat\">\n                                <h3 class=\"simpleteaserItemImgTitle uk-text-uppercase\">Achat<\/h3>\n                                                    <\/div>\n                                                    <div class=\"simpleteaserItemText\">\n                                Nos fournisseurs et prestataires de services se d\u00e9veloppent de mani\u00e8re durable en ce qui concerne l'\u00e9nergie, les collaborateurs et les mati\u00e8res premi\u00e8res utilis\u00e9es.                            <\/div>\n                                                                    <\/div>\n                <\/div>\n                                <div class=\"uk-width-1-3@m simpleteaser\">\n                    <div class=\"simpleteaserItem\">\n                        <div class=\"simpleteaserItemImg uk-inline-clip uk-transition-toggle\">\n                                                            <img decoding=\"async\" class=\"uk-transition-opaque\" src=\"https:\/\/www.bachmann.ch\/wp-content\/uploads\/Unbenannt-18.png\" alt=\"Une logistique optimis\u00e9e\">\n                                <h3 class=\"simpleteaserItemImgTitle uk-text-uppercase\">Une logistique optimis\u00e9e<\/h3>\n                                                    <\/div>\n                                                    <div class=\"simpleteaserItemText\">\n                                Notre logistique interne est fortement automatis\u00e9e. Pour la distribution des marchandises, nous travaillons avec des entreprises de transport dot\u00e9es d'un \u00e9quipement ultramoderne.                            <\/div>\n                                                                    <\/div>\n                <\/div>\n                                <div class=\"uk-width-1-3@m simpleteaser\">\n                    <div class=\"simpleteaserItem\">\n                        <div class=\"simpleteaserItemImg uk-inline-clip uk-transition-toggle\">\n                                                            <img decoding=\"async\" class=\"uk-transition-opaque\" src=\"https:\/\/www.bachmann.ch\/wp-content\/uploads\/Unbenannt-36.png\" alt=\"Co-produits\">\n                                <h3 class=\"simpleteaserItemImgTitle uk-text-uppercase\">Co-produits<\/h3>\n                                                    <\/div>\n                                                    <div class=\"simpleteaserItemText\">\n                                Nous retournons toutes les grilles d'estampage li\u00e9es au processus en tant que mati\u00e8re broy\u00e9e \u00e0 nos producteurs de films pour qu'ils les r\u00e9utilisent dans le circuit.                             <\/div>\n                                                                    <\/div>\n                <\/div>\n                                <div class=\"uk-width-1-3@m simpleteaser\">\n                    <div class=\"simpleteaserItem\">\n                        <div class=\"simpleteaserItemImg uk-inline-clip uk-transition-toggle\">\n                                                            <img decoding=\"async\" class=\"uk-transition-opaque\" src=\"https:\/\/www.bachmann.ch\/wp-content\/uploads\/Unbenannt-27.png\" alt=\"R\u00e9duction des \u00e9missions de CO2 \">\n                                <h3 class=\"simpleteaserItemImgTitle uk-text-uppercase\">R\u00e9duction des \u00e9missions de CO2 <\/h3>\n                                                    <\/div>\n                                                    <div class=\"simpleteaserItemText\">\n                                BACHMANN GROUP est membre de SBTi et publie des objectifs de r\u00e9duction de CO2 des scopes 1 et 2 d'au moins -42% d'ici 2030.                            <\/div>\n                                                                    <\/div>\n                <\/div>\n                                <div class=\"uk-width-1-3@m simpleteaser\">\n                    <div class=\"simpleteaserItem\">\n                        <div class=\"simpleteaserItemImg uk-inline-clip uk-transition-toggle\">\n                                                            <img decoding=\"async\" class=\"uk-transition-opaque\" src=\"https:\/\/www.bachmann.ch\/wp-content\/uploads\/Ecovadis-2025-Bronze-.png\" alt=\"Ecovadis Bronze \">\n                                <h3 class=\"simpleteaserItemImgTitle uk-text-uppercase\">Ecovadis Bronze <\/h3>\n                                                    <\/div>\n                                                    <div class=\"simpleteaserItemText\">\n                                Ce classement en ligne de la durabilit\u00e9 nous \u00e9value chaque ann\u00e9e dans les domaines de l'environnement, du travail\/des personnes, de l'\u00e9thique et de l'approvisionnement.                            <\/div>\n                                                                    <\/div>\n                <\/div>\n                                <div class=\"uk-width-1-3@m simpleteaser\">\n                    <div class=\"simpleteaserItem\">\n                        <div class=\"simpleteaserItemImg uk-inline-clip uk-transition-toggle\">\n                                                            <img decoding=\"async\" class=\"uk-transition-opaque\" src=\"https:\/\/www.bachmann.ch\/wp-content\/uploads\/Unbenannt-25.png\" alt=\"Objectifs SDG (Paris)\">\n                                <h3 class=\"simpleteaserItemImgTitle uk-text-uppercase\">Objectifs SDG (Paris)<\/h3>\n                                                    <\/div>\n                                                    <div class=\"simpleteaserItemText\">\n                                Nous sommes un membre actif de Swiss Triple Impact (STI) et travaillons \u00e0 l'am\u00e9lioration de nos principaux SDG\/objectifs de durabilit\u00e9.                            <\/div>\n                                                                    <\/div>\n                <\/div>\n                                <div class=\"uk-width-1-3@m simpleteaser\">\n                    <div class=\"simpleteaserItem\">\n                        <div class=\"simpleteaserItemImg uk-inline-clip uk-transition-toggle\">\n                                                            <img decoding=\"async\" class=\"uk-transition-opaque\" src=\"https:\/\/www.bachmann.ch\/wp-content\/uploads\/Unbenannt-23.png\" alt=\"Engagements\/comit\u00e9s\">\n                                <h3 class=\"simpleteaserItemImgTitle uk-text-uppercase\">Engagements\/comit\u00e9s<\/h3>\n                                                    <\/div>\n                                                    <div class=\"simpleteaserItemText\">\n                                Nous collaborons activement et depuis longtemps avec diverses organisations Swiss Triple Impact (Allicance for Recycling, RecyPac, Realcycle, Swiss Recycle).                             <\/div>\n                                                                    <\/div>\n                <\/div>\n                                <div class=\"uk-width-1-3@m simpleteaser\">\n                    <div class=\"simpleteaserItem\">\n                        <div class=\"simpleteaserItemImg uk-inline-clip uk-transition-toggle\">\n                            <a href=\"https:\/\/www.bachmann.ch\/fr\/nachhaltigkeit\/recypac\/\" target=\"_self\">                                <img decoding=\"async\" class=\"uk-transition-opaque\" src=\"https:\/\/www.bachmann.ch\/wp-content\/uploads\/Recypac.jpg\" alt=\"Recypac\">\n                                <h3 class=\"simpleteaserItemImgTitle uk-text-uppercase\">Recypac<\/h3>\n                            <\/a>                        <\/div>\n                                                    <div class=\"simpleteaserItemText\">\n                                Nous sommes membre fondateur de la nouvelle solution sectorielle suisse pour les emballages plastiques Recypac (collecte\/tri\/recyclage).                            <\/div>\n                                                                            <a href=\"https:\/\/www.bachmann.ch\/fr\/nachhaltigkeit\/recypac\/\" target=\"_self\">\n                                <div class=\"simpleteaserItemLink\">Lire la suite <span uk-icon=\"arrow-right\"><\/span><\/div>\n                            <\/a>\n                                            <\/div>\n                <\/div>\n                                <div class=\"uk-width-1-3@m simpleteaser\">\n                    <div class=\"simpleteaserItem\">\n                        <div class=\"simpleteaserItemImg uk-inline-clip uk-transition-toggle\">\n                            <a href=\"https:\/\/www.pac2pac.ch\/en\/\" target=\"_blank\">                                <img decoding=\"async\" class=\"uk-transition-opaque\" src=\"https:\/\/www.bachmann.ch\/wp-content\/uploads\/pac2pac-1.jpg\" alt=\"PAC2PAC\">\n                                <h3 class=\"simpleteaserItemImgTitle uk-text-uppercase\">PAC2PAC<\/h3>\n                            <\/a>                        <\/div>\n                                                    <div class=\"simpleteaserItemText\">\n                                Notre syst\u00e8me PAC2PAC cr\u00e9e de nouveaux emballages PET \u00e0 partir du sac de collecte en plastique suisse.                            <\/div>\n                                                                            <a href=\"https:\/\/www.pac2pac.ch\/en\/\" target=\"_blank\">\n                                <div class=\"simpleteaserItemLink\">Lire la suite <span uk-icon=\"arrow-right\"><\/span><\/div>\n                            <\/a>\n                                            <\/div>\n                <\/div>\n                                <div class=\"uk-width-1-3@m simpleteaser\">\n                    <div class=\"simpleteaserItem\">\n                        <div class=\"simpleteaserItemImg uk-inline-clip uk-transition-toggle\">\n                                                            <img decoding=\"async\" class=\"uk-transition-opaque\" src=\"https:\/\/www.bachmann.ch\/wp-content\/uploads\/Unbenannt-21.png\" alt=\"Syst\u00e8mes de gestion\">\n                                <h3 class=\"simpleteaserItemImgTitle uk-text-uppercase\">Syst\u00e8mes de gestion<\/h3>\n                                                    <\/div>\n                                                    <div class=\"simpleteaserItemText\">\n                                Divers certificats attestent de la ma\u00eetrise des risques en mati\u00e8re de sant\u00e9, d'accidents du travail, d'hygi\u00e8ne et de protection de l'environnement.                            <\/div>\n                                                                    <\/div>\n                <\/div>\n                                <div class=\"uk-width-1-3@m simpleteaser\">\n                    <div class=\"simpleteaserItem\">\n                        <div class=\"simpleteaserItemImg uk-inline-clip uk-transition-toggle\">\n                                                            <img decoding=\"async\" class=\"uk-transition-opaque\" src=\"https:\/\/www.bachmann.ch\/wp-content\/uploads\/Unbenannt-20.png\" alt=\"Lois et normes\">\n                                <h3 class=\"simpleteaserItemImgTitle uk-text-uppercase\">Lois et normes<\/h3>\n                                                    <\/div>\n                                                    <div class=\"simpleteaserItemText\">\n                                Nous soutenons activement nos clients dans le cadre du mouvement exigeant dans le domaine l\u00e9gislatif de l'UE avec des taxes et des droits de douane punitifs sur les emballages plastiques.                              <\/div>\n                                                                    <\/div>\n                <\/div>\n                                <div class=\"uk-width-1-3@m simpleteaser\">\n                    <div class=\"simpleteaserItem\">\n                        <div class=\"simpleteaserItemImg uk-inline-clip uk-transition-toggle\">\n                            <a href=\"https:\/\/www.bachmann.ch\/fr\/faq\/\" target=\"_self\">                                <img decoding=\"async\" class=\"uk-transition-opaque\" src=\"https:\/\/www.bachmann.ch\/wp-content\/uploads\/Unbenannt-19.png\" alt=\"FAQ\">\n                                <h3 class=\"simpleteaserItemImgTitle uk-text-uppercase\">FAQ<\/h3>\n                            <\/a>                        <\/div>\n                                                    <div class=\"simpleteaserItemText\">\n                                Avec FAQ, il est possible de s'informer rapidement et clairement sur les termes techniques publics et \u00e9galement sur ceux de BACHMANN.                             <\/div>\n                                                                            <a href=\"https:\/\/www.bachmann.ch\/fr\/faq\/\" target=\"_self\">\n                                <div class=\"simpleteaserItemLink\">Aller \u00e0 la FAQ <span uk-icon=\"arrow-right\"><\/span><\/div>\n                            <\/a>\n                                            <\/div>\n                <\/div>\n                        <\/div>\n    <\/div><\/div><\/div><\/div><\/div><\/div><\/div>","protected":false},"excerpt":{"rendered":"<p>future-proof packaging Notre vision : des solutions d&#8217;emballage d&rsquo;avenir. Nous fa\u00e7onnons l&rsquo;avenir de votre emballage. Lire la suite Durabilit\u00e9 En tant que fabricant d&#8217;emballages de consommation depuis de nombreuses ann\u00e9es, nous sommes pr\u00e9destin\u00e9s \u00e0 contribuer \u00e0 la recherche de solutions vari\u00e9es. Feuille de route Notre strat\u00e9gie de d\u00e9veloppement durable s&rsquo;articule autour de diff\u00e9rents champs d&rsquo;action [&hellip;]<\/p>\n","protected":false},"author":10,"featured_media":0,"parent":0,"menu_order":0,"comment_status":"closed","ping_status":"closed","template":"page-gruppe.php","meta":{"footnotes":""},"class_list":["post-3211","page","type-page","status-publish","hentry"],"yoast_head":"<!-- This site is optimized with the Yoast SEO plugin v25.9 - https:\/\/yoast.com\/wordpress\/plugins\/seo\/ -->\n<title>Durabilit\u00e9 - BACHMANN GROUP<\/title>\n<meta name=\"robots\" content=\"index, follow, max-snippet:-1, max-image-preview:large, max-video-preview:-1\" \/>\n<link rel=\"canonical\" href=\"https:\/\/www.bachmann.ch\/fr\/nachhaltigkeit\/\" \/>\n<meta property=\"og:locale\" content=\"fr_FR\" \/>\n<meta property=\"og:type\" content=\"article\" \/>\n<meta property=\"og:title\" content=\"Durabilit\u00e9 - BACHMANN GROUP\" \/>\n<meta property=\"og:description\" content=\"future-proof packaging Notre vision : des solutions d&#039;emballage d&#039;avenir. Nous fa\u00e7onnons l&#039;avenir de votre emballage. Lire la suite Durabilit\u00e9 En tant que fabricant d&#039;emballages de consommation depuis de nombreuses ann\u00e9es, nous sommes pr\u00e9destin\u00e9s \u00e0 contribuer \u00e0 la recherche de solutions vari\u00e9es. Feuille de route Notre strat\u00e9gie de d\u00e9veloppement durable s&#039;articule autour de diff\u00e9rents champs d&#039;action [&hellip;]\" \/>\n<meta property=\"og:url\" content=\"https:\/\/www.bachmann.ch\/fr\/nachhaltigkeit\/\" \/>\n<meta property=\"og:site_name\" content=\"BACHMANN GROUP\" \/>\n<meta property=\"article:modified_time\" content=\"2025-08-06T09:38:37+00:00\" \/>\n<meta name=\"twitter:card\" content=\"summary_large_image\" \/>\n<meta name=\"twitter:label1\" content=\"Dur\u00e9e de lecture estim\u00e9e\" \/>\n\t<meta name=\"twitter:data1\" content=\"12 minutes\" \/>\n<script type=\"application\/ld+json\" class=\"yoast-schema-graph\">{\"@context\":\"https:\/\/schema.org\",\"@graph\":[{\"@type\":\"WebPage\",\"@id\":\"https:\/\/www.bachmann.ch\/fr\/nachhaltigkeit\/\",\"url\":\"https:\/\/www.bachmann.ch\/fr\/nachhaltigkeit\/\",\"name\":\"Durabilit\u00e9 - BACHMANN GROUP\",\"isPartOf\":{\"@id\":\"https:\/\/www.bachmann.ch\/en\/#website\"},\"datePublished\":\"2023-11-23T10:17:25+00:00\",\"dateModified\":\"2025-08-06T09:38:37+00:00\",\"breadcrumb\":{\"@id\":\"https:\/\/www.bachmann.ch\/fr\/nachhaltigkeit\/#breadcrumb\"},\"inLanguage\":\"fr-FR\",\"potentialAction\":[{\"@type\":\"ReadAction\",\"target\":[\"https:\/\/www.bachmann.ch\/fr\/nachhaltigkeit\/\"]}]},{\"@type\":\"BreadcrumbList\",\"@id\":\"https:\/\/www.bachmann.ch\/fr\/nachhaltigkeit\/#breadcrumb\",\"itemListElement\":[{\"@type\":\"ListItem\",\"position\":1,\"name\":\"Home\",\"item\":\"https:\/\/www.bachmann.ch\/fr\/\"},{\"@type\":\"ListItem\",\"position\":2,\"name\":\"Durabilit\u00e9\"}]},{\"@type\":\"WebSite\",\"@id\":\"https:\/\/www.bachmann.ch\/en\/#website\",\"url\":\"https:\/\/www.bachmann.ch\/en\/\",\"name\":\"BACHMANN GROUP\",\"description\":\"\",\"potentialAction\":[{\"@type\":\"SearchAction\",\"target\":{\"@type\":\"EntryPoint\",\"urlTemplate\":\"https:\/\/www.bachmann.ch\/en\/?s={search_term_string}\"},\"query-input\":{\"@type\":\"PropertyValueSpecification\",\"valueRequired\":true,\"valueName\":\"search_term_string\"}}],\"inLanguage\":\"fr-FR\"}]}<\/script>\n<!-- \/ Yoast SEO plugin. -->","yoast_head_json":{"title":"Durabilit\u00e9 - BACHMANN GROUP","robots":{"index":"index","follow":"follow","max-snippet":"max-snippet:-1","max-image-preview":"max-image-preview:large","max-video-preview":"max-video-preview:-1"},"canonical":"https:\/\/www.bachmann.ch\/fr\/nachhaltigkeit\/","og_locale":"fr_FR","og_type":"article","og_title":"Durabilit\u00e9 - BACHMANN GROUP","og_description":"future-proof packaging Notre vision : des solutions d'emballage d'avenir. Nous fa\u00e7onnons l'avenir de votre emballage. Lire la suite Durabilit\u00e9 En tant que fabricant d'emballages de consommation depuis de nombreuses ann\u00e9es, nous sommes pr\u00e9destin\u00e9s \u00e0 contribuer \u00e0 la recherche de solutions vari\u00e9es. Feuille de route Notre strat\u00e9gie de d\u00e9veloppement durable s'articule autour de diff\u00e9rents champs d'action [&hellip;]","og_url":"https:\/\/www.bachmann.ch\/fr\/nachhaltigkeit\/","og_site_name":"BACHMANN GROUP","article_modified_time":"2025-08-06T09:38:37+00:00","twitter_card":"summary_large_image","twitter_misc":{"Dur\u00e9e de lecture estim\u00e9e":"12 minutes"},"schema":{"@context":"https:\/\/schema.org","@graph":[{"@type":"WebPage","@id":"https:\/\/www.bachmann.ch\/fr\/nachhaltigkeit\/","url":"https:\/\/www.bachmann.ch\/fr\/nachhaltigkeit\/","name":"Durabilit\u00e9 - BACHMANN GROUP","isPartOf":{"@id":"https:\/\/www.bachmann.ch\/en\/#website"},"datePublished":"2023-11-23T10:17:25+00:00","dateModified":"2025-08-06T09:38:37+00:00","breadcrumb":{"@id":"https:\/\/www.bachmann.ch\/fr\/nachhaltigkeit\/#breadcrumb"},"inLanguage":"fr-FR","potentialAction":[{"@type":"ReadAction","target":["https:\/\/www.bachmann.ch\/fr\/nachhaltigkeit\/"]}]},{"@type":"BreadcrumbList","@id":"https:\/\/www.bachmann.ch\/fr\/nachhaltigkeit\/#breadcrumb","itemListElement":[{"@type":"ListItem","position":1,"name":"Home","item":"https:\/\/www.bachmann.ch\/fr\/"},{"@type":"ListItem","position":2,"name":"Durabilit\u00e9"}]},{"@type":"WebSite","@id":"https:\/\/www.bachmann.ch\/en\/#website","url":"https:\/\/www.bachmann.ch\/en\/","name":"BACHMANN GROUP","description":"","potentialAction":[{"@type":"SearchAction","target":{"@type":"EntryPoint","urlTemplate":"https:\/\/www.bachmann.ch\/en\/?s={search_term_string}"},"query-input":{"@type":"PropertyValueSpecification","valueRequired":true,"valueName":"search_term_string"}}],"inLanguage":"fr-FR"}]}},"_links":{"self":[{"href":"https:\/\/www.bachmann.ch\/fr\/wp-json\/wp\/v2\/pages\/3211","targetHints":{"allow":["GET"]}}],"collection":[{"href":"https:\/\/www.bachmann.ch\/fr\/wp-json\/wp\/v2\/pages"}],"about":[{"href":"https:\/\/www.bachmann.ch\/fr\/wp-json\/wp\/v2\/types\/page"}],"author":[{"embeddable":true,"href":"https:\/\/www.bachmann.ch\/fr\/wp-json\/wp\/v2\/users\/10"}],"replies":[{"embeddable":true,"href":"https:\/\/www.bachmann.ch\/fr\/wp-json\/wp\/v2\/comments?post=3211"}],"version-history":[{"count":10,"href":"https:\/\/www.bachmann.ch\/fr\/wp-json\/wp\/v2\/pages\/3211\/revisions"}],"predecessor-version":[{"id":4219,"href":"https:\/\/www.bachmann.ch\/fr\/wp-json\/wp\/v2\/pages\/3211\/revisions\/4219"}],"wp:attachment":[{"href":"https:\/\/www.bachmann.ch\/fr\/wp-json\/wp\/v2\/media?parent=3211"}],"curies":[{"name":"wp","href":"https:\/\/api.w.org\/{rel}","templated":true}]}}